{"id":13651,"date":"2025-01-09T23:50:18","date_gmt":"2025-01-09T21:50:18","guid":{"rendered":"https:\/\/mobilitatechisinau.md\/?page_id=13651"},"modified":"2025-02-17T12:41:57","modified_gmt":"2025-02-17T10:41:57","slug":"protectia-datelor-cu-caracter-personal","status":"publish","type":"page","link":"https:\/\/mobilitatechisinau.md\/?page_id=13651","title":{"rendered":"Protec\u021bia datelor cu caracter personal"},"content":{"rendered":"<div class='w3eden'><!-- WPDM Link Template: Default Template -->\n\n<div class=\"link-template-default card mb-2\">\n    <div class=\"card-body\">\n        <div class=\"media\">\n            <div class=\"mr-3 img-48\"><img decoding=\"async\" class=\"wpdm_icon\" alt=\"Icon\" src=\"https:\/\/mobilitatechisinau.md\/wp-content\/plugins\/download-manager\/assets\/file-type-icons\/pdf.svg\" \/><\/div>\n            <div class=\"media-body\">\n                <h3 class=\"package-title\"><a href='https:\/\/mobilitatechisinau.md\/?wpdmpro=materiale-informative'>Materiale informative<\/a><\/h3>\n                <div class=\"text-muted text-small\"><i class=\"fas fa-copy\"><\/i> 1 file(s) <i class=\"fas fa-hdd ml-3\"><\/i> 11.20 MB<\/div>\n            <\/div>\n            <div class=\"ml-3\">\n                <a class='wpdm-download-link download-on-click btn btn-primary ' rel='nofollow' href='#' data-downloadurl=\"https:\/\/mobilitatechisinau.md\/?wpdmpro=materiale-informative&wpdmdl=13797&refresh=69f5e511b37581777722641\">Download<\/a>\n            <\/div>\n        <\/div>\n    <\/div>\n<\/div>\n\n<\/div>\n\n\n\n<hr class=\"wp-block-separator has-alpha-channel-opacity\"\/>\n\n\n\n<p><strong><em>Informa\u0163ie pentru subiec\u021bii datelor cu caracter personal privind modalitatea \u0219i scopul prelucr\u0103rii acestor date,<\/em><\/strong> <strong><em>auditul opera\u0163iunilorde prelucrare a datelor cu caracter personal \u00een cadrul<\/em><\/strong> <strong><em>Direc\u021biei Generale Mobilitate Urban\u0103<\/em><\/strong><\/p>\n\n\n\n<p>\u00centru asigurarea protec\u0163iei drepturilor \u015fi libert\u0103\u0163ilor fundamentale ale persoanei fizice \u00een ceea ce prive\u015fte prelucrarea datelor cu caracter personal, \u00een special a dreptului la inviolabilitatea vie\u0163ii intime, familiale \u015fi private, a fost adoptat\u0103 Legea nr.133\/2011 privind protec\u0163ia datelor cu caracter personal.<strong><em><\/em><\/strong><\/p>\n\n\n\n<p>Ob\u0163inerea informa\u0163iei obiective cu privire la opera\u0163iunile de prelucrare a datelor cu caracter personal \u00een sistemele informa\u0163ionale \u00een func\u0163ie de criterii \u015fi indicatori specifici, se <strong>&nbsp;<\/strong>efectueaz\u0103 prin auditul opera\u0163iunilor de prelucrare a datelor cu caracter personal.<\/p>\n\n\n\n<p>Potrivit Legii nr.133\/2011 privind protec\u0163ia datelor cu caracter personal, <em>\u201eDate cu caracter personal: orice informa\u0163ie referitoare la o persoan\u0103 fizic\u0103 identificat\u0103 sau identificabil\u0103 (subiect al datelor cu caracter personal). Persoana identificabil\u0103 este persoana, care poate fi identificat\u0103, direct sau indirect, prin referire la un num\u0103r de identificare, sau la unul ori mai mul\u0163i factori, specifici identit\u0103\u0163ii sale fizice, fiziologice, psihice, economice, culturale sau sociale.\u201d<\/em><\/p>\n\n\n\n<p>Adres\u0103rile solicitan\u0163ilor privind prelucrarea datelor cu caracter personal se examineaz\u0103 \u00een modul \u015fi termenele stabilite prin&nbsp;<a href=\"https:\/\/www.legis.md\/cautare\/getResults?doc_id=143076&amp;lang=ro\" target=\"_blank\" rel=\"noreferrer noopener\">Codul administrativ al Republicii Moldova nr. 116\/2018<\/a>.<\/p>\n\n\n\n<p>Prelucrarea datelor cu caracter personal se efectueaz\u0103 numai cu <em>consim\u021b\u0103m\u00e2ntul subiectului datelor cu caracter personal, cu unele excep\u021bii prev\u0103zute de <\/em>Legea nr.133\/2011.<\/p>\n\n\n\n<p>Ca r\u0103spuns la cererile \u0219i adres\u0103rile solicitan\u0163ilor, Direc\u021bia General\u0103 Mobilitate Urban\u0103 informeaz\u0103 care sunt&nbsp; tipurile de date colectate, modalitatea \u0219i scopul prelucr\u0103rii datelor cu caracter personal, termenul de p\u0103strare, precum \u0219i drepturile persoanelor vizate.<\/p>\n\n\n\n<p>Condi\u0163iile \u015fi termenele de stocare a datelor cu caracter personal se stabilesc de legisla\u0163ie \u0163in\u00eendu-se cont de prevederile Legii nr.133\/2011. La expirarea termenului de stocare, datele cu caracter personal urmeaz\u0103 a fi distruse \u00een modul stabilit de lege. Datele cu caracter personal care fac obiectul prelucr\u0103rii trebuie s\u0103 fie stocate \u00eentr-o form\u0103 care s\u0103 permit\u0103 identificarea subiec\u0163ilor datelor cu caracter personal pe o perioad\u0103 care nu va dep\u0103\u015fi durata necesar\u0103 atingerii scopurilor pentru care s\u00eent colectate \u015fi ulterior prelucrate.<\/p>\n\n\n\n<p>Cererea amplasat\u0103 pe pagina web oficial\u0103 a Direc\u021biei Generale Mobilitate Urban\u0103 <a href=\"http:\/\/www.dirtrans@pmc.md\">www.dirtrans@pmc.md<\/a>&nbsp;urmeaz\u0103 a fi tip\u0103rit\u0103, completat\u0103, semnat\u0103 \u015fi expediat\u0103 prin po\u015ft\u0103 la adresa: mun. Chi\u015fin\u0103u, str. Serghei Lazo 18 sau plasat\u0103 \u00een cutia po\u015ftal\u0103, amplasat\u0103 la sediul central al Direc\u021biei Generale Mobilitate Urban\u0103 situat la adresa: mun. Chi\u015fin\u0103u, str. S. Lazo 18.<\/p>\n\n\n\n<p>Solicitantul are posibilitatea de a transmite cererea semnat\u0103 cu semn\u0103tura electronic\u0103 prin intermediul po\u015ftei electronice la adresa&nbsp;<a href=\"mailto:dirtrans@pmc.md\">dirtrans@pmc.md<\/a>.<\/p>\n\n\n\n<p><strong>R\u0103spunsul la solicitare va fi expediat solicitantului prin po\u015ft\u0103 cu scrisoare recomandat\u0103 \u0219i confirmare de recep\u021bie la adresa specificat\u0103 \u00een cerere sau la adresa de coresponden\u021b\u0103, dac\u0103 solicitantul a indicat-o separat.<\/strong><br>&nbsp;<strong>Datele de contact ale persoanei responsabil\u0103 de protec\u0163ia datelor cu caracter personal din cadrul Direc\u021biei Generale Mobilitate Urban\u0103:<\/strong><\/p>\n\n\n\n<p><em>Telefon de serviciu:&nbsp;<strong>022 20-46-69<\/strong>.&nbsp;<\/em><\/p>\n\n\n\n<p>\u00cen conformitate cu art. 19 din Legea <a href=\"https:\/\/www.legis.md\/cautare\/getResults?doc_id=126192&amp;lang=ro\" target=\"_blank\" rel=\"noreferrer noopener\">nr.133\/2011 privind protec\u0163ia datelor cu caracter personal<\/a>, controlul asupra conformit\u0103\u0163i prelucr\u0103rii datelor cu caracter personal cu cerin\u0163ele legii enun\u021bate se efectueaz\u0103 de c\u0103tre Centrul Na\u0163ional pentru Protec\u0163ia Datelor cu Caracter Personal.<\/p>\n","protected":false},"excerpt":{"rendered":"<p>Informa\u0163ie pentru subiec\u021bii datelor cu caracter personal privind modalitatea \u0219i scopul prelucr\u0103rii acestor date, auditul opera\u0163iunilorde prelucrare a datelor cu caracter personal \u00een cadrul Direc\u021biei Generale Mobilitate Urban\u0103 \u00centru asigurarea protec\u0163iei drepturilor \u015fi libert\u0103\u0163ilor fundamentale ale persoanei fizice \u00een ceea ce prive\u015fte prelucrarea datelor cu caracter personal, \u00een special a dreptului la inviolabilitatea vie\u0163ii intime, [&hellip;]<\/p>\n","protected":false},"author":1,"featured_media":0,"parent":0,"menu_order":0,"comment_status":"closed","ping_status":"closed","template":"","meta":{"footnotes":""},"class_list":["post-13651","page","type-page","status-publish","hentry"],"yoast_head":"<!-- This site is optimized with the Yoast SEO plugin v23.9 - https:\/\/yoast.com\/wordpress\/plugins\/seo\/ -->\n<title>Protec\u021bia datelor cu caracter personal - mobilitatechisinau.md<\/title>\n<meta name=\"robots\" content=\"index, follow, max-snippet:-1, max-image-preview:large, max-video-preview:-1\" \/>\n<link rel=\"canonical\" href=\"https:\/\/mobilitatechisinau.md\/?page_id=13651\" \/>\n<meta property=\"og:locale\" content=\"ro_RO\" \/>\n<meta property=\"og:type\" content=\"article\" \/>\n<meta property=\"og:title\" content=\"Protec\u021bia datelor cu caracter personal - mobilitatechisinau.md\" \/>\n<meta property=\"og:description\" content=\"Informa\u0163ie pentru subiec\u021bii datelor cu caracter personal privind modalitatea \u0219i scopul prelucr\u0103rii acestor date, auditul opera\u0163iunilorde prelucrare a datelor cu caracter personal \u00een cadrul Direc\u021biei Generale Mobilitate Urban\u0103 \u00centru asigurarea protec\u0163iei drepturilor \u015fi libert\u0103\u0163ilor fundamentale ale persoanei fizice \u00een ceea ce prive\u015fte prelucrarea datelor cu caracter personal, \u00een special a dreptului la inviolabilitatea vie\u0163ii intime, [&hellip;]\" \/>\n<meta property=\"og:url\" content=\"https:\/\/mobilitatechisinau.md\/?page_id=13651\" \/>\n<meta property=\"og:site_name\" content=\"mobilitatechisinau.md\" \/>\n<meta property=\"article:publisher\" content=\"https:\/\/www.facebook.com\/DGTPCC\" \/>\n<meta property=\"article:modified_time\" content=\"2025-02-17T10:41:57+00:00\" \/>\n<meta name=\"twitter:card\" content=\"summary_large_image\" \/>\n<meta name=\"twitter:label1\" content=\"Timp estimat pentru citire\" \/>\n\t<meta name=\"twitter:data1\" content=\"3 minute\" \/>\n<script type=\"application\/ld+json\" class=\"yoast-schema-graph\">{\"@context\":\"https:\/\/schema.org\",\"@graph\":[{\"@type\":\"WebPage\",\"@id\":\"https:\/\/mobilitatechisinau.md\/?page_id=13651\",\"url\":\"https:\/\/mobilitatechisinau.md\/?page_id=13651\",\"name\":\"Protec\u021bia datelor cu caracter personal - mobilitatechisinau.md\",\"isPartOf\":{\"@id\":\"https:\/\/mobilitatechisinau.md\/#website\"},\"datePublished\":\"2025-01-09T21:50:18+00:00\",\"dateModified\":\"2025-02-17T10:41:57+00:00\",\"breadcrumb\":{\"@id\":\"https:\/\/mobilitatechisinau.md\/?page_id=13651#breadcrumb\"},\"inLanguage\":\"ro-RO\",\"potentialAction\":[{\"@type\":\"ReadAction\",\"target\":[\"https:\/\/mobilitatechisinau.md\/?page_id=13651\"]}]},{\"@type\":\"BreadcrumbList\",\"@id\":\"https:\/\/mobilitatechisinau.md\/?page_id=13651#breadcrumb\",\"itemListElement\":[{\"@type\":\"ListItem\",\"position\":1,\"name\":\"Prima pagin\u0103\",\"item\":\"https:\/\/mobilitatechisinau.md\/\"},{\"@type\":\"ListItem\",\"position\":2,\"name\":\"Protec\u021bia datelor cu caracter personal\"}]},{\"@type\":\"WebSite\",\"@id\":\"https:\/\/mobilitatechisinau.md\/#website\",\"url\":\"https:\/\/mobilitatechisinau.md\/\",\"name\":\"mobilitatechisinau.md\",\"description\":\"Direc\u0163ia General\u0103 Mobilitate Urban\u0103\",\"publisher\":{\"@id\":\"https:\/\/mobilitatechisinau.md\/#organization\"},\"potentialAction\":[{\"@type\":\"SearchAction\",\"target\":{\"@type\":\"EntryPoint\",\"urlTemplate\":\"https:\/\/mobilitatechisinau.md\/?s={search_term_string}\"},\"query-input\":{\"@type\":\"PropertyValueSpecification\",\"valueRequired\":true,\"valueName\":\"search_term_string\"}}],\"inLanguage\":\"ro-RO\"},{\"@type\":\"Organization\",\"@id\":\"https:\/\/mobilitatechisinau.md\/#organization\",\"name\":\"Direc\u0163ia general\u0103 transport public \u015fi c\u0103i de comunica\u0163ie\",\"url\":\"https:\/\/mobilitatechisinau.md\/\",\"logo\":{\"@type\":\"ImageObject\",\"inLanguage\":\"ro-RO\",\"@id\":\"https:\/\/mobilitatechisinau.md\/#\/schema\/logo\/image\/\",\"url\":\"https:\/\/dgtpcc.md\/wp-content\/uploads\/2022\/05\/DGTPCC-Chis\u0326ina\u0306u-new.jpg\",\"contentUrl\":\"https:\/\/dgtpcc.md\/wp-content\/uploads\/2022\/05\/DGTPCC-Chis\u0326ina\u0306u-new.jpg\",\"width\":304,\"height\":80,\"caption\":\"Direc\u0163ia general\u0103 transport public \u015fi c\u0103i de comunica\u0163ie\"},\"image\":{\"@id\":\"https:\/\/mobilitatechisinau.md\/#\/schema\/logo\/image\/\"},\"sameAs\":[\"https:\/\/www.facebook.com\/DGTPCC\"]}]}<\/script>\n<!-- \/ Yoast SEO plugin. -->","yoast_head_json":{"title":"Protec\u021bia datelor cu caracter personal - mobilitatechisinau.md","robots":{"index":"index","follow":"follow","max-snippet":"max-snippet:-1","max-image-preview":"max-image-preview:large","max-video-preview":"max-video-preview:-1"},"canonical":"https:\/\/mobilitatechisinau.md\/?page_id=13651","og_locale":"ro_RO","og_type":"article","og_title":"Protec\u021bia datelor cu caracter personal - mobilitatechisinau.md","og_description":"Informa\u0163ie pentru subiec\u021bii datelor cu caracter personal privind modalitatea \u0219i scopul prelucr\u0103rii acestor date, auditul opera\u0163iunilorde prelucrare a datelor cu caracter personal \u00een cadrul Direc\u021biei Generale Mobilitate Urban\u0103 \u00centru asigurarea protec\u0163iei drepturilor \u015fi libert\u0103\u0163ilor fundamentale ale persoanei fizice \u00een ceea ce prive\u015fte prelucrarea datelor cu caracter personal, \u00een special a dreptului la inviolabilitatea vie\u0163ii intime, [&hellip;]","og_url":"https:\/\/mobilitatechisinau.md\/?page_id=13651","og_site_name":"mobilitatechisinau.md","article_publisher":"https:\/\/www.facebook.com\/DGTPCC","article_modified_time":"2025-02-17T10:41:57+00:00","twitter_card":"summary_large_image","twitter_misc":{"Timp estimat pentru citire":"3 minute"},"schema":{"@context":"https:\/\/schema.org","@graph":[{"@type":"WebPage","@id":"https:\/\/mobilitatechisinau.md\/?page_id=13651","url":"https:\/\/mobilitatechisinau.md\/?page_id=13651","name":"Protec\u021bia datelor cu caracter personal - mobilitatechisinau.md","isPartOf":{"@id":"https:\/\/mobilitatechisinau.md\/#website"},"datePublished":"2025-01-09T21:50:18+00:00","dateModified":"2025-02-17T10:41:57+00:00","breadcrumb":{"@id":"https:\/\/mobilitatechisinau.md\/?page_id=13651#breadcrumb"},"inLanguage":"ro-RO","potentialAction":[{"@type":"ReadAction","target":["https:\/\/mobilitatechisinau.md\/?page_id=13651"]}]},{"@type":"BreadcrumbList","@id":"https:\/\/mobilitatechisinau.md\/?page_id=13651#breadcrumb","itemListElement":[{"@type":"ListItem","position":1,"name":"Prima pagin\u0103","item":"https:\/\/mobilitatechisinau.md\/"},{"@type":"ListItem","position":2,"name":"Protec\u021bia datelor cu caracter personal"}]},{"@type":"WebSite","@id":"https:\/\/mobilitatechisinau.md\/#website","url":"https:\/\/mobilitatechisinau.md\/","name":"mobilitatechisinau.md","description":"Direc\u0163ia General\u0103 Mobilitate Urban\u0103","publisher":{"@id":"https:\/\/mobilitatechisinau.md\/#organization"},"potentialAction":[{"@type":"SearchAction","target":{"@type":"EntryPoint","urlTemplate":"https:\/\/mobilitatechisinau.md\/?s={search_term_string}"},"query-input":{"@type":"PropertyValueSpecification","valueRequired":true,"valueName":"search_term_string"}}],"inLanguage":"ro-RO"},{"@type":"Organization","@id":"https:\/\/mobilitatechisinau.md\/#organization","name":"Direc\u0163ia general\u0103 transport public \u015fi c\u0103i de comunica\u0163ie","url":"https:\/\/mobilitatechisinau.md\/","logo":{"@type":"ImageObject","inLanguage":"ro-RO","@id":"https:\/\/mobilitatechisinau.md\/#\/schema\/logo\/image\/","url":"https:\/\/dgtpcc.md\/wp-content\/uploads\/2022\/05\/DGTPCC-Chis\u0326ina\u0306u-new.jpg","contentUrl":"https:\/\/dgtpcc.md\/wp-content\/uploads\/2022\/05\/DGTPCC-Chis\u0326ina\u0306u-new.jpg","width":304,"height":80,"caption":"Direc\u0163ia general\u0103 transport public \u015fi c\u0103i de comunica\u0163ie"},"image":{"@id":"https:\/\/mobilitatechisinau.md\/#\/schema\/logo\/image\/"},"sameAs":["https:\/\/www.facebook.com\/DGTPCC"]}]}},"_links":{"self":[{"href":"https:\/\/mobilitatechisinau.md\/index.php?rest_route=\/wp\/v2\/pages\/13651","targetHints":{"allow":["GET"]}}],"collection":[{"href":"https:\/\/mobilitatechisinau.md\/index.php?rest_route=\/wp\/v2\/pages"}],"about":[{"href":"https:\/\/mobilitatechisinau.md\/index.php?rest_route=\/wp\/v2\/types\/page"}],"author":[{"embeddable":true,"href":"https:\/\/mobilitatechisinau.md\/index.php?rest_route=\/wp\/v2\/users\/1"}],"replies":[{"embeddable":true,"href":"https:\/\/mobilitatechisinau.md\/index.php?rest_route=%2Fwp%2Fv2%2Fcomments&post=13651"}],"version-history":[{"count":3,"href":"https:\/\/mobilitatechisinau.md\/index.php?rest_route=\/wp\/v2\/pages\/13651\/revisions"}],"predecessor-version":[{"id":13799,"href":"https:\/\/mobilitatechisinau.md\/index.php?rest_route=\/wp\/v2\/pages\/13651\/revisions\/13799"}],"wp:attachment":[{"href":"https:\/\/mobilitatechisinau.md\/index.php?rest_route=%2Fwp%2Fv2%2Fmedia&parent=13651"}],"curies":[{"name":"wp","href":"https:\/\/api.w.org\/{rel}","templated":true}]}}