{"id":6281,"date":"2022-03-17T12:20:42","date_gmt":"2022-03-17T10:20:42","guid":{"rendered":"https:\/\/mobilitatechisinau.md\/?page_id=6281"},"modified":"2024-09-11T08:31:33","modified_gmt":"2024-09-11T06:31:33","slug":"comunicate-de-presa","status":"publish","type":"page","link":"https:\/\/mobilitatechisinau.md\/?page_id=6281","title":{"rendered":"Comunicate de pres\u0103"},"content":{"rendered":"\t\t<div data-elementor-type=\"wp-page\" data-elementor-id=\"6281\" class=\"elementor elementor-6281\">\n\t\t\t\t\t\t<section class=\"elementor-section elementor-top-section elementor-element elementor-element-a55e9ca elementor-section-boxed elementor-section-height-default elementor-section-height-default default-style\" data-id=\"a55e9ca\" data-element_type=\"section\" data-settings=\"{&quot;rt_color_sets&quot;:&quot;default-style&quot;}\">\n\t\t\t\t\t\t<div class=\"elementor-container elementor-column-gap-default\">\n\t\t\t\t\t<div class=\"elementor-column elementor-col-100 elementor-top-column elementor-element elementor-element-363f8aa\" data-id=\"363f8aa\" data-element_type=\"column\">\n\t\t\t<div class=\"elementor-widget-wrap elementor-element-populated\">\n\t\t\t\t\t\t<div class=\"elementor-element elementor-element-6215cde elementor-widget elementor-widget-rt-blog\" data-id=\"6215cde\" data-element_type=\"widget\" data-widget_type=\"rt-blog.default\">\n\t\t\t\t<div class=\"elementor-widget-container\">\n\t\t\t\n<div id=\"blog-dynamicID-430704\" class=\"blog_list clearfix fixed_heights\" data-column-width=\"3\">\n<div class=\"row clearfix\">\n<article id=\"17369\" class=\"col col-sm-4 post-17369 post type-post status-publish format-standard has-post-thumbnail hentry category-comunicate\"><div class=\"post-content-wrapper boxed\">\n \n\n<!-- blog box-->\n\t\t\t\t<figure class=\"featured_image featured_media\">\n\t\t\t<a href=\"https:\/\/mobilitatechisinau.md\/?p=17369\" title=\"Lucr\u0103ri de repara\u021bie \u0219i \u00eentre\u021binere a infrastructurii rutiere municipale executate pe parcursul s\u0103pt\u0103m\u00e2nii trecute\" class=\"imgeffect link featured_image\"><img fetchpriority=\"high\" decoding=\"async\" src=\"https:\/\/mobilitatechisinau.md\/wp-content\/uploads\/2026\/04\/27-aprilie-305x178.jpg\" alt=\"\" class=\"\" width=\"305\" height=\"178\" \/><\/a>\t\t\n\t\t<\/figure> \n\t\t\n\t<a href=\"https:\/\/mobilitatechisinau.md\/?p=17369\" title=\"Lucr\u0103ri de repara\u021bie \u0219i \u00eentre\u021binere a infrastructurii rutiere municipale executate pe parcursul s\u0103pt\u0103m\u00e2nii trecute\" class=\"post-date\">27 aprilie 2026<\/a>\t\t\t\t\n\n\t<div class=\"entry-content text\">\n\n\t\t<!-- blog headline-->\n\t\t<h6 class=\"entry-title\"><a href=\"https:\/\/mobilitatechisinau.md\/?p=17369\" rel=\"bookmark\">Lucr\u0103ri de repara\u021bie \u0219i \u00eentre\u021binere a infrastructurii rutiere municipale executate pe parcursul s\u0103pt\u0103m\u00e2nii trecute<\/a><\/h6> \n\n\t\t\n\t\t<p>Pe parcursul s\u0103pt\u0103m\u00e2nii trecute, serviciile municipale specializate au desf\u0103\u0219urat un complex de lucr...<\/p>\t<\/div> \n\n\t<div class=\"entry-footer\">\n\n\t\t<a href=\"https:\/\/mobilitatechisinau.md\/?p=17369\" class=\"read_more\">Continue reading<\/a>\n\t<\/div>\n\n<!-- \/ blog box-->\n<\/div><\/article>\n<article id=\"17390\" class=\"col col-sm-4 post-17390 post type-post status-publish format-standard has-post-thumbnail hentry category-comunicate\"><div class=\"post-content-wrapper boxed\">\n \n\n<!-- blog box-->\n\t\t\t\t<figure class=\"featured_image featured_media\">\n\t\t\t<a href=\"https:\/\/mobilitatechisinau.md\/?p=17390\" title=\"Lucr\u0103rile de repara\u021bie \u0219i \u00eentre\u021binere a infrastructurii rutiere sunt \u00een plin\u0103 desf\u0103\u0219urare, at\u00e2t pe arterele principale de acces spre suburbii, c\u00e2t \u0219i \u00een interiorul ora\u0219ului.\" class=\"imgeffect link featured_image\"><img decoding=\"async\" src=\"https:\/\/mobilitatechisinau.md\/wp-content\/uploads\/2026\/04\/24-aprilie-305x178.jpg\" alt=\"\" class=\"\" width=\"305\" height=\"178\" \/><\/a>\t\t\n\t\t<\/figure> \n\t\t\n\t<a href=\"https:\/\/mobilitatechisinau.md\/?p=17390\" title=\"Lucr\u0103rile de repara\u021bie \u0219i \u00eentre\u021binere a infrastructurii rutiere sunt \u00een plin\u0103 desf\u0103\u0219urare, at\u00e2t pe arterele principale de acces spre suburbii, c\u00e2t \u0219i \u00een interiorul ora\u0219ului.\" class=\"post-date\">24 aprilie 2026<\/a>\t\t\t\t\n\n\t<div class=\"entry-content text\">\n\n\t\t<!-- blog headline-->\n\t\t<h6 class=\"entry-title\"><a href=\"https:\/\/mobilitatechisinau.md\/?p=17390\" rel=\"bookmark\">Lucr\u0103rile de repara\u021bie \u0219i \u00eentre\u021binere a infrastructurii rutiere sunt \u00een plin\u0103 desf\u0103\u0219urare, at\u00e2t pe arterele principale de acces spre suburbii, c\u00e2t \u0219i \u00een interiorul ora\u0219ului.<\/a><\/h6> \n\n\t\t\n\t\t<p>\u00cen prezent, se intervine pe drumul de acces L-455, o arter\u0103 important\u0103 care asigur\u0103 conexiunea munic...<\/p>\t<\/div> \n\n\t<div class=\"entry-footer\">\n\n\t\t<a href=\"https:\/\/mobilitatechisinau.md\/?p=17390\" class=\"read_more\">Continue reading<\/a>\n\t<\/div>\n\n<!-- \/ blog box-->\n<\/div><\/article>\n<article id=\"17387\" class=\"col col-sm-4 post-17387 post type-post status-publish format-standard has-post-thumbnail hentry category-comunicate\"><div class=\"post-content-wrapper boxed\">\n \n\n<!-- blog box-->\n\t\t\t\t<figure class=\"featured_image featured_media\">\n\t\t\t<a href=\"https:\/\/mobilitatechisinau.md\/?p=17387\" title=\"Circula\u021bia transportului public va fi reorganizat\u0103 temporar \u00een contextul Chi\u0219in\u0103u Half Marathon 2026\" class=\"imgeffect link featured_image\"><img decoding=\"async\" src=\"https:\/\/mobilitatechisinau.md\/wp-content\/uploads\/2026\/04\/halfmaraton_md-305x178.jpg\" alt=\"\" class=\"\" width=\"305\" height=\"178\" \/><\/a>\t\t\n\t\t<\/figure> \n\t\t\n\t<a href=\"https:\/\/mobilitatechisinau.md\/?p=17387\" title=\"Circula\u021bia transportului public va fi reorganizat\u0103 temporar \u00een contextul Chi\u0219in\u0103u Half Marathon 2026\" class=\"post-date\">24 aprilie 2026<\/a>\t\t\t\t\n\n\t<div class=\"entry-content text\">\n\n\t\t<!-- blog headline-->\n\t\t<h6 class=\"entry-title\"><a href=\"https:\/\/mobilitatechisinau.md\/?p=17387\" rel=\"bookmark\">Circula\u021bia transportului public va fi reorganizat\u0103 temporar \u00een contextul Chi\u0219in\u0103u Half Marathon 2026<\/a><\/h6> \n\n\t\t\n\t\t<p>Prim\u0103ria municipiului Chi\u0219in\u0103u informeaz\u0103 c\u0103, \u00een contextul desf\u0103\u0219ur\u0103rii evenimentului Chi\u0219in\u0103u Half...<\/p>\t<\/div> \n\n\t<div class=\"entry-footer\">\n\n\t\t<a href=\"https:\/\/mobilitatechisinau.md\/?p=17387\" class=\"read_more\">Continue reading<\/a>\n\t<\/div>\n\n<!-- \/ blog box-->\n<\/div><\/article>\n<\/div>\n<div class=\"row clearfix\">\n<article id=\"17405\" class=\"col col-sm-4 post-17405 post type-post status-publish format-standard has-post-thumbnail hentry category-comunicate\"><div class=\"post-content-wrapper boxed\">\n \n\n<!-- blog box-->\n\t\t\t\t<figure class=\"featured_image featured_media\">\n\t\t\t<a href=\"https:\/\/mobilitatechisinau.md\/?p=17405\" title=\"Video: Prim\u0103ria Chi\u0219in\u0103u investe\u0219te peste 800 milioane lei anual \u00een mobilitate urban\u0103 \u0219i protejeaz\u0103 cet\u0103\u021benii\" class=\"imgeffect link featured_image\"><img loading=\"lazy\" decoding=\"async\" src=\"https:\/\/mobilitatechisinau.md\/wp-content\/uploads\/2026\/04\/abonamente-305x178.jpg\" alt=\"\" class=\"\" width=\"305\" height=\"178\" \/><\/a>\t\t\n\t\t<\/figure> \n\t\t\n\t<a href=\"https:\/\/mobilitatechisinau.md\/?p=17405\" title=\"Video: Prim\u0103ria Chi\u0219in\u0103u investe\u0219te peste 800 milioane lei anual \u00een mobilitate urban\u0103 \u0219i protejeaz\u0103 cet\u0103\u021benii\" class=\"post-date\">21 aprilie 2026<\/a>\t\t\t\t\n\n\t<div class=\"entry-content text\">\n\n\t\t<!-- blog headline-->\n\t\t<h6 class=\"entry-title\"><a href=\"https:\/\/mobilitatechisinau.md\/?p=17405\" rel=\"bookmark\">Video: Prim\u0103ria Chi\u0219in\u0103u investe\u0219te peste 800 milioane lei anual \u00een mobilitate urban\u0103 \u0219i protejeaz\u0103 cet\u0103\u021benii<\/a><\/h6> \n\n\t\t\n\t\t<p>Dorin Ciorn\u00eei, \u0219ef interimar al Direc\u021biei Generale Mobilitate Urban\u0103, afirm\u0103 c\u0103 transportul public d...<\/p>\t<\/div> \n\n\t<div class=\"entry-footer\">\n\n\t\t<a href=\"https:\/\/mobilitatechisinau.md\/?p=17405\" class=\"read_more\">Continue reading<\/a>\n\t<\/div>\n\n<!-- \/ blog box-->\n<\/div><\/article>\n<article id=\"17402\" class=\"col col-sm-4 post-17402 post type-post status-publish format-standard has-post-thumbnail hentry category-comunicate\"><div class=\"post-content-wrapper boxed\">\n \n\n<!-- blog box-->\n\t\t\t\t<figure class=\"featured_image featured_media\">\n\t\t\t<a href=\"https:\/\/mobilitatechisinau.md\/?p=17402\" title=\"Velo Road Chi\u0219in\u0103u revine!\" class=\"imgeffect link featured_image\"><img loading=\"lazy\" decoding=\"async\" src=\"https:\/\/mobilitatechisinau.md\/wp-content\/uploads\/2026\/04\/velo-road-305x178.jpg\" alt=\"\" class=\"\" width=\"305\" height=\"178\" \/><\/a>\t\t\n\t\t<\/figure> \n\t\t\n\t<a href=\"https:\/\/mobilitatechisinau.md\/?p=17402\" title=\"Velo Road Chi\u0219in\u0103u revine!\" class=\"post-date\">21 aprilie 2026<\/a>\t\t\t\t\n\n\t<div class=\"entry-content text\">\n\n\t\t<!-- blog headline-->\n\t\t<h6 class=\"entry-title\"><a href=\"https:\/\/mobilitatechisinau.md\/?p=17402\" rel=\"bookmark\">Velo Road Chi\u0219in\u0103u revine!<\/a><\/h6> \n\n\t\t\n\t\t<p>\u00cen anul mobilit\u0103\u021bii urbane declarat de Prim\u0103ria Chi\u0219in\u0103u, municipalitatea te invit\u0103 s\u0103 participi la...<\/p>\t<\/div> \n\n\t<div class=\"entry-footer\">\n\n\t\t<a href=\"https:\/\/mobilitatechisinau.md\/?p=17402\" class=\"read_more\">Continue reading<\/a>\n\t<\/div>\n\n<!-- \/ blog box-->\n<\/div><\/article>\n<article id=\"17408\" class=\"col col-sm-4 post-17408 post type-post status-publish format-standard has-post-thumbnail hentry category-comunicate\"><div class=\"post-content-wrapper boxed\">\n \n\n<!-- blog box-->\n\t\t\t\t<figure class=\"featured_image featured_media\">\n\t\t\t<a href=\"https:\/\/mobilitatechisinau.md\/?p=17408\" title=\"Video: \u00cen doar 4 ani, Prim\u0103ria Chi\u0219in\u0103u a extins flota de troleibuze \u0219i a eliminat vechiturile din circula\u021bie\" class=\"imgeffect link featured_image\"><img loading=\"lazy\" decoding=\"async\" src=\"https:\/\/mobilitatechisinau.md\/wp-content\/uploads\/2026\/04\/18-aprilie-305x178.jpg\" alt=\"\" class=\"\" width=\"305\" height=\"178\" \/><\/a>\t\t\n\t\t<\/figure> \n\t\t\n\t<a href=\"https:\/\/mobilitatechisinau.md\/?p=17408\" title=\"Video: \u00cen doar 4 ani, Prim\u0103ria Chi\u0219in\u0103u a extins flota de troleibuze \u0219i a eliminat vechiturile din circula\u021bie\" class=\"post-date\">18 aprilie 2026<\/a>\t\t\t\t\n\n\t<div class=\"entry-content text\">\n\n\t\t<!-- blog headline-->\n\t\t<h6 class=\"entry-title\"><a href=\"https:\/\/mobilitatechisinau.md\/?p=17408\" rel=\"bookmark\">Video: \u00cen doar 4 ani, Prim\u0103ria Chi\u0219in\u0103u a extins flota de troleibuze \u0219i a eliminat vechiturile din circula\u021bie<\/a><\/h6> \n\n\t\t\n\t\t<p>Prim\u0103ria Chi\u0219in\u0103u a modernizat transportul electric, cump\u0103r\u00e2nd, \u00een perioada 2021-2025, 213 troleibuz...<\/p>\t<\/div> \n\n\t<div class=\"entry-footer\">\n\n\t\t<a href=\"https:\/\/mobilitatechisinau.md\/?p=17408\" class=\"read_more\">Continue reading<\/a>\n\t<\/div>\n\n<!-- \/ blog box-->\n<\/div><\/article>\n<\/div>\n<div class=\"row clearfix\">\n<article id=\"17304\" class=\"col col-sm-4 post-17304 post type-post status-publish format-standard has-post-thumbnail hentry category-comunicate\"><div class=\"post-content-wrapper boxed\">\n \n\n<!-- blog box-->\n\t\t\t\t<figure class=\"featured_image featured_media\">\n\t\t\t<a href=\"https:\/\/mobilitatechisinau.md\/?p=17304\" title=\"Lucr\u0103ri de repara\u021bie \u0219i \u00eentre\u021binere a infrastructurii rutiere municipale executate pe parcursul s\u0103pt\u0103m\u00e2nii trecute\" class=\"imgeffect link featured_image\"><img loading=\"lazy\" decoding=\"async\" src=\"https:\/\/mobilitatechisinau.md\/wp-content\/uploads\/2026\/04\/06-aprilie-1-305x178.jpg\" alt=\"\" class=\"\" width=\"305\" height=\"178\" \/><\/a>\t\t\n\t\t<\/figure> \n\t\t\n\t<a href=\"https:\/\/mobilitatechisinau.md\/?p=17304\" title=\"Lucr\u0103ri de repara\u021bie \u0219i \u00eentre\u021binere a infrastructurii rutiere municipale executate pe parcursul s\u0103pt\u0103m\u00e2nii trecute\" class=\"post-date\">6 aprilie 2026<\/a>\t\t\t\t\n\n\t<div class=\"entry-content text\">\n\n\t\t<!-- blog headline-->\n\t\t<h6 class=\"entry-title\"><a href=\"https:\/\/mobilitatechisinau.md\/?p=17304\" rel=\"bookmark\">Lucr\u0103ri de repara\u021bie \u0219i \u00eentre\u021binere a infrastructurii rutiere municipale executate pe parcursul s\u0103pt\u0103m\u00e2nii trecute<\/a><\/h6> \n\n\t\t\n\t\t<p>\u00cen perioada 30 martie \u2013 6 aprilie, serviciile municipale specializate au realizat lucr\u0103ri ample de \u00ee...<\/p>\t<\/div> \n\n\t<div class=\"entry-footer\">\n\n\t\t<a href=\"https:\/\/mobilitatechisinau.md\/?p=17304\" class=\"read_more\">Continue reading<\/a>\n\t<\/div>\n\n<!-- \/ blog box-->\n<\/div><\/article>\n<article id=\"17256\" class=\"col col-sm-4 post-17256 post type-post status-publish format-standard has-post-thumbnail hentry category-comunicate\"><div class=\"post-content-wrapper boxed\">\n \n\n<!-- blog box-->\n\t\t\t\t<figure class=\"featured_image featured_media\">\n\t\t\t<a href=\"https:\/\/mobilitatechisinau.md\/?p=17256\" title=\"Lucr\u0103ri de repara\u021bie \u0219i \u00eentre\u021binere a infrastructurii rutiere municipale executate pe parcursul s\u0103pt\u0103m\u00e2nii trecute\" class=\"imgeffect link featured_image\"><img loading=\"lazy\" decoding=\"async\" src=\"https:\/\/mobilitatechisinau.md\/wp-content\/uploads\/2026\/03\/30-martie-305x178.jpg\" alt=\"\" class=\"\" width=\"305\" height=\"178\" \/><\/a>\t\t\n\t\t<\/figure> \n\t\t\n\t<a href=\"https:\/\/mobilitatechisinau.md\/?p=17256\" title=\"Lucr\u0103ri de repara\u021bie \u0219i \u00eentre\u021binere a infrastructurii rutiere municipale executate pe parcursul s\u0103pt\u0103m\u00e2nii trecute\" class=\"post-date\">30 martie 2026<\/a>\t\t\t\t\n\n\t<div class=\"entry-content text\">\n\n\t\t<!-- blog headline-->\n\t\t<h6 class=\"entry-title\"><a href=\"https:\/\/mobilitatechisinau.md\/?p=17256\" rel=\"bookmark\">Lucr\u0103ri de repara\u021bie \u0219i \u00eentre\u021binere a infrastructurii rutiere municipale executate pe parcursul s\u0103pt\u0103m\u00e2nii trecute<\/a><\/h6> \n\n\t\t\n\t\t<p>\u00cen perioada 23-29 martie, serviciile municipale specializate au desf\u0103\u0219urat lucr\u0103ri complexe de \u00eentre...<\/p>\t<\/div> \n\n\t<div class=\"entry-footer\">\n\n\t\t<a href=\"https:\/\/mobilitatechisinau.md\/?p=17256\" class=\"read_more\">Continue reading<\/a>\n\t<\/div>\n\n<!-- \/ blog box-->\n<\/div><\/article>\n<article id=\"17231\" class=\"col col-sm-4 post-17231 post type-post status-publish format-standard has-post-thumbnail hentry category-comunicate\"><div class=\"post-content-wrapper boxed\">\n \n\n<!-- blog box-->\n\t\t\t\t<figure class=\"featured_image featured_media\">\n\t\t\t<a href=\"https:\/\/mobilitatechisinau.md\/?p=17231\" title=\"Lucr\u0103ri de repara\u021bie \u0219i \u00eentre\u021binere a infrastructurii rutiere municipale executate pe parcursul s\u0103pt\u0103m\u00e2nii trecute\" class=\"imgeffect link featured_image\"><img loading=\"lazy\" decoding=\"async\" src=\"https:\/\/mobilitatechisinau.md\/wp-content\/uploads\/2026\/03\/23-martie-305x178.jpg\" alt=\"\" class=\"\" width=\"305\" height=\"178\" \/><\/a>\t\t\n\t\t<\/figure> \n\t\t\n\t<a href=\"https:\/\/mobilitatechisinau.md\/?p=17231\" title=\"Lucr\u0103ri de repara\u021bie \u0219i \u00eentre\u021binere a infrastructurii rutiere municipale executate pe parcursul s\u0103pt\u0103m\u00e2nii trecute\" class=\"post-date\">23 martie 2026<\/a>\t\t\t\t\n\n\t<div class=\"entry-content text\">\n\n\t\t<!-- blog headline-->\n\t\t<h6 class=\"entry-title\"><a href=\"https:\/\/mobilitatechisinau.md\/?p=17231\" rel=\"bookmark\">Lucr\u0103ri de repara\u021bie \u0219i \u00eentre\u021binere a infrastructurii rutiere municipale executate pe parcursul s\u0103pt\u0103m\u00e2nii trecute<\/a><\/h6> \n\n\t\t\n\t\t<p>\u00cen perioada 16\u201322 martie, serviciile municipale specializate au continuat desf\u0103\u0219urarea lucr\u0103rilor de...<\/p>\t<\/div> \n\n\t<div class=\"entry-footer\">\n\n\t\t<a href=\"https:\/\/mobilitatechisinau.md\/?p=17231\" class=\"read_more\">Continue reading<\/a>\n\t<\/div>\n\n<!-- \/ blog box-->\n<\/div><\/article>\n<\/div>\n<\/div>\n<div class=\"paging_wrapper margin-t30 margin-b30\"><ul class='page-numbers'>\n\t<li><span aria-current=\"page\" class=\"page-numbers current\">1<\/span><\/li>\n\t<li><a class=\"page-numbers\" href=\"https:\/\/mobilitatechisinau.md\/index.php\/?paged=2&#038;rest_route=%2Fwp%2Fv2%2Fpages%2F6281\">2<\/a><\/li>\n\t<li><a class=\"page-numbers\" href=\"https:\/\/mobilitatechisinau.md\/index.php\/?paged=3&#038;rest_route=%2Fwp%2Fv2%2Fpages%2F6281\">3<\/a><\/li>\n\t<li><span class=\"page-numbers dots\">&hellip;<\/span><\/li>\n\t<li><a class=\"page-numbers\" href=\"https:\/\/mobilitatechisinau.md\/index.php\/?paged=61&#038;rest_route=%2Fwp%2Fv2%2Fpages%2F6281\">61<\/a><\/li>\n\t<li><a class=\"next page-numbers\" href=\"https:\/\/mobilitatechisinau.md\/index.php\/?paged=2&#038;rest_route=%2Fwp%2Fv2%2Fpages%2F6281\"><span class=\"ui-icon-angle-right\"><\/span><\/a><\/li>\n<\/ul>\n<\/div>\t\t<\/div>\n\t\t\t\t<\/div>\n\t\t\t\t\t<\/div>\n\t\t<\/div>\n\t\t\t\t\t<\/div>\n\t\t<\/section>\n\t\t\t\t<section class=\"elementor-section elementor-top-section elementor-element elementor-element-7162a999 elementor-section-boxed elementor-section-height-default elementor-section-height-default default-style\" data-id=\"7162a999\" data-element_type=\"section\" data-settings=\"{&quot;rt_color_sets&quot;:&quot;default-style&quot;}\">\n\t\t\t\t\t\t<div class=\"elementor-container elementor-column-gap-default\">\n\t\t\t\t\t<div class=\"elementor-column elementor-col-33 elementor-top-column elementor-element elementor-element-2c80b55\" data-id=\"2c80b55\" data-element_type=\"column\">\n\t\t\t<div class=\"elementor-widget-wrap elementor-element-populated\">\n\t\t\t\t\t\t<div class=\"elementor-element elementor-element-7d3934e3 elementor-widget elementor-widget-wp-widget-archives\" data-id=\"7d3934e3\" data-element_type=\"widget\" data-widget_type=\"wp-widget-archives.default\">\n\t\t\t\t<div class=\"elementor-widget-container\">\n\t\t\t<h5>Arhiva<\/h5>\t\t<label class=\"screen-reader-text\" for=\"archives-dropdown-REPLACE_TO_ID\">Arhiva<\/label>\n\t\t<select id=\"archives-dropdown-REPLACE_TO_ID\" name=\"archive-dropdown\">\n\t\t\t\n\t\t\t<option value=\"\">Selecteaz\u0103 luna<\/option>\n\t\t\t\t<option value='https:\/\/mobilitatechisinau.md\/?m=202604'> aprilie 2026 &nbsp;(21)<\/option>\n\t<option value='https:\/\/mobilitatechisinau.md\/?m=202603'> martie 2026 &nbsp;(20)<\/option>\n\t<option value='https:\/\/mobilitatechisinau.md\/?m=202602'> februarie 2026 &nbsp;(20)<\/option>\n\t<option value='https:\/\/mobilitatechisinau.md\/?m=202601'> ianuarie 2026 &nbsp;(11)<\/option>\n\t<option value='https:\/\/mobilitatechisinau.md\/?m=202512'> decembrie 2025 &nbsp;(12)<\/option>\n\t<option value='https:\/\/mobilitatechisinau.md\/?m=202511'> noiembrie 2025 &nbsp;(18)<\/option>\n\t<option value='https:\/\/mobilitatechisinau.md\/?m=202510'> octombrie 2025 &nbsp;(10)<\/option>\n\t<option value='https:\/\/mobilitatechisinau.md\/?m=202509'> septembrie 2025 &nbsp;(18)<\/option>\n\t<option value='https:\/\/mobilitatechisinau.md\/?m=202508'> august 2025 &nbsp;(16)<\/option>\n\t<option value='https:\/\/mobilitatechisinau.md\/?m=202507'> iulie 2025 &nbsp;(12)<\/option>\n\t<option value='https:\/\/mobilitatechisinau.md\/?m=202506'> iunie 2025 &nbsp;(21)<\/option>\n\t<option value='https:\/\/mobilitatechisinau.md\/?m=202505'> mai 2025 &nbsp;(14)<\/option>\n\t<option value='https:\/\/mobilitatechisinau.md\/?m=202504'> aprilie 2025 &nbsp;(12)<\/option>\n\t<option value='https:\/\/mobilitatechisinau.md\/?m=202503'> martie 2025 &nbsp;(7)<\/option>\n\t<option value='https:\/\/mobilitatechisinau.md\/?m=202502'> februarie 2025 &nbsp;(8)<\/option>\n\t<option value='https:\/\/mobilitatechisinau.md\/?m=202501'> ianuarie 2025 &nbsp;(12)<\/option>\n\t<option value='https:\/\/mobilitatechisinau.md\/?m=202412'> decembrie 2024 &nbsp;(10)<\/option>\n\t<option value='https:\/\/mobilitatechisinau.md\/?m=202411'> noiembrie 2024 &nbsp;(11)<\/option>\n\t<option value='https:\/\/mobilitatechisinau.md\/?m=202410'> octombrie 2024 &nbsp;(12)<\/option>\n\t<option value='https:\/\/mobilitatechisinau.md\/?m=202409'> septembrie 2024 &nbsp;(15)<\/option>\n\t<option value='https:\/\/mobilitatechisinau.md\/?m=202408'> august 2024 &nbsp;(23)<\/option>\n\t<option value='https:\/\/mobilitatechisinau.md\/?m=202407'> iulie 2024 &nbsp;(28)<\/option>\n\t<option value='https:\/\/mobilitatechisinau.md\/?m=202406'> iunie 2024 &nbsp;(31)<\/option>\n\t<option value='https:\/\/mobilitatechisinau.md\/?m=202405'> mai 2024 &nbsp;(25)<\/option>\n\t<option value='https:\/\/mobilitatechisinau.md\/?m=202404'> aprilie 2024 &nbsp;(36)<\/option>\n\t<option value='https:\/\/mobilitatechisinau.md\/?m=202403'> martie 2024 &nbsp;(28)<\/option>\n\t<option value='https:\/\/mobilitatechisinau.md\/?m=202402'> februarie 2024 &nbsp;(21)<\/option>\n\t<option value='https:\/\/mobilitatechisinau.md\/?m=202401'> ianuarie 2024 &nbsp;(20)<\/option>\n\t<option value='https:\/\/mobilitatechisinau.md\/?m=202312'> decembrie 2023 &nbsp;(9)<\/option>\n\t<option value='https:\/\/mobilitatechisinau.md\/?m=202311'> noiembrie 2023 &nbsp;(15)<\/option>\n\t<option value='https:\/\/mobilitatechisinau.md\/?m=202310'> octombrie 2023 &nbsp;(4)<\/option>\n\t<option value='https:\/\/mobilitatechisinau.md\/?m=202309'> septembrie 2023 &nbsp;(7)<\/option>\n\t<option value='https:\/\/mobilitatechisinau.md\/?m=202308'> august 2023 &nbsp;(11)<\/option>\n\t<option value='https:\/\/mobilitatechisinau.md\/?m=202307'> iulie 2023 &nbsp;(5)<\/option>\n\t<option value='https:\/\/mobilitatechisinau.md\/?m=202306'> iunie 2023 &nbsp;(12)<\/option>\n\t<option value='https:\/\/mobilitatechisinau.md\/?m=202305'> mai 2023 &nbsp;(14)<\/option>\n\t<option value='https:\/\/mobilitatechisinau.md\/?m=202304'> aprilie 2023 &nbsp;(13)<\/option>\n\t<option value='https:\/\/mobilitatechisinau.md\/?m=202303'> martie 2023 &nbsp;(6)<\/option>\n\t<option value='https:\/\/mobilitatechisinau.md\/?m=202302'> februarie 2023 &nbsp;(14)<\/option>\n\t<option value='https:\/\/mobilitatechisinau.md\/?m=202301'> ianuarie 2023 &nbsp;(11)<\/option>\n\t<option value='https:\/\/mobilitatechisinau.md\/?m=202212'> decembrie 2022 &nbsp;(14)<\/option>\n\t<option value='https:\/\/mobilitatechisinau.md\/?m=202211'> noiembrie 2022 &nbsp;(15)<\/option>\n\t<option value='https:\/\/mobilitatechisinau.md\/?m=202210'> octombrie 2022 &nbsp;(10)<\/option>\n\t<option value='https:\/\/mobilitatechisinau.md\/?m=202209'> septembrie 2022 &nbsp;(13)<\/option>\n\t<option value='https:\/\/mobilitatechisinau.md\/?m=202208'> august 2022 &nbsp;(17)<\/option>\n\t<option value='https:\/\/mobilitatechisinau.md\/?m=202207'> iulie 2022 &nbsp;(13)<\/option>\n\t<option value='https:\/\/mobilitatechisinau.md\/?m=202206'> iunie 2022 &nbsp;(22)<\/option>\n\t<option value='https:\/\/mobilitatechisinau.md\/?m=202205'> mai 2022 &nbsp;(13)<\/option>\n\t<option value='https:\/\/mobilitatechisinau.md\/?m=202204'> aprilie 2022 &nbsp;(8)<\/option>\n\t<option value='https:\/\/mobilitatechisinau.md\/?m=202203'> martie 2022 &nbsp;(5)<\/option>\n\t<option value='https:\/\/mobilitatechisinau.md\/?m=202202'> februarie 2022 &nbsp;(3)<\/option>\n\t<option value='https:\/\/mobilitatechisinau.md\/?m=202201'> ianuarie 2022 &nbsp;(3)<\/option>\n\t<option value='https:\/\/mobilitatechisinau.md\/?m=202112'> decembrie 2021 &nbsp;(7)<\/option>\n\t<option value='https:\/\/mobilitatechisinau.md\/?m=202111'> noiembrie 2021 &nbsp;(10)<\/option>\n\t<option value='https:\/\/mobilitatechisinau.md\/?m=202110'> octombrie 2021 &nbsp;(15)<\/option>\n\t<option value='https:\/\/mobilitatechisinau.md\/?m=202109'> septembrie 2021 &nbsp;(12)<\/option>\n\t<option value='https:\/\/mobilitatechisinau.md\/?m=202108'> august 2021 &nbsp;(10)<\/option>\n\t<option value='https:\/\/mobilitatechisinau.md\/?m=202105'> mai 2021 &nbsp;(7)<\/option>\n\t<option value='https:\/\/mobilitatechisinau.md\/?m=202104'> aprilie 2021 &nbsp;(1)<\/option>\n\t<option value='https:\/\/mobilitatechisinau.md\/?m=202101'> ianuarie 2021 &nbsp;(2)<\/option>\n\t<option value='https:\/\/mobilitatechisinau.md\/?m=202012'> decembrie 2020 &nbsp;(3)<\/option>\n\t<option value='https:\/\/mobilitatechisinau.md\/?m=202011'> noiembrie 2020 &nbsp;(3)<\/option>\n\t<option value='https:\/\/mobilitatechisinau.md\/?m=202010'> octombrie 2020 &nbsp;(6)<\/option>\n\t<option value='https:\/\/mobilitatechisinau.md\/?m=202009'> septembrie 2020 &nbsp;(5)<\/option>\n\t<option value='https:\/\/mobilitatechisinau.md\/?m=202008'> august 2020 &nbsp;(1)<\/option>\n\t<option value='https:\/\/mobilitatechisinau.md\/?m=202007'> iulie 2020 &nbsp;(2)<\/option>\n\t<option value='https:\/\/mobilitatechisinau.md\/?m=202006'> iunie 2020 &nbsp;(6)<\/option>\n\t<option value='https:\/\/mobilitatechisinau.md\/?m=202005'> mai 2020 &nbsp;(6)<\/option>\n\t<option value='https:\/\/mobilitatechisinau.md\/?m=201912'> decembrie 2019 &nbsp;(1)<\/option>\n\t<option value='https:\/\/mobilitatechisinau.md\/?m=201802'> februarie 2018 &nbsp;(1)<\/option>\n\n\t\t<\/select>\n\n\t\t\t<script type=\"text\/javascript\">\n\/* <![CDATA[ *\/\n\n( ( dropdownId ) => {\n\tconst dropdown = document.getElementById( dropdownId );\n\tfunction onSelectChange() {\n\t\tsetTimeout( () => {\n\t\t\tif ( 'escape' === dropdown.dataset.lastkey ) {\n\t\t\t\treturn;\n\t\t\t}\n\t\t\tif ( dropdown.value ) {\n\t\t\t\tdocument.location.href = dropdown.value;\n\t\t\t}\n\t\t}, 250 );\n\t}\n\tfunction onKeyUp( event ) {\n\t\tif ( 'Escape' === event.key ) {\n\t\t\tdropdown.dataset.lastkey = 'escape';\n\t\t} else {\n\t\t\tdelete dropdown.dataset.lastkey;\n\t\t}\n\t}\n\tfunction onClick() {\n\t\tdelete dropdown.dataset.lastkey;\n\t}\n\tdropdown.addEventListener( 'keyup', onKeyUp );\n\tdropdown.addEventListener( 'click', onClick );\n\tdropdown.addEventListener( 'change', onSelectChange );\n})( \"archives-dropdown-REPLACE_TO_ID\" );\n\n\/\/# sourceURL=WP_Widget_Archives%3A%3Awidget\n\/* ]]> *\/\n<\/script>\n\t\t<\/div>\n\t\t\t\t<\/div>\n\t\t\t\t\t<\/div>\n\t\t<\/div>\n\t\t\t\t<div class=\"elementor-column elementor-col-33 elementor-top-column elementor-element elementor-element-6504b261\" data-id=\"6504b261\" data-element_type=\"column\">\n\t\t\t<div class=\"elementor-widget-wrap elementor-element-populated\">\n\t\t\t\t\t\t<div class=\"elementor-element elementor-element-495a836a elementor-widget elementor-widget-wp-widget-rt_category_tree\" data-id=\"495a836a\" data-element_type=\"widget\" data-widget_type=\"wp-widget-rt_category_tree.default\">\n\t\t\t\t<div class=\"elementor-widget-container\">\n\t\t\t<h5>Categorii<\/h5><ul>\t<li class=\"cat-item cat-item-118\"><a href=\"https:\/\/mobilitatechisinau.md\/?cat=118\">Altele<\/a> (0)\n<\/li>\n\t<li class=\"cat-item cat-item-93\"><a href=\"https:\/\/mobilitatechisinau.md\/?cat=93\">Angaj\u0103ri<\/a> (144)\n<\/li>\n\t<li class=\"cat-item cat-item-131\"><a href=\"https:\/\/mobilitatechisinau.md\/?cat=131\">Benzi dedicate<\/a> (3)\n<\/li>\n\t<li class=\"cat-item cat-item-92\"><a href=\"https:\/\/mobilitatechisinau.md\/?cat=92\">Comunicate de pres\u0103<\/a> (542)\n<\/li>\n\t<li class=\"cat-item cat-item-114\"><a href=\"https:\/\/mobilitatechisinau.md\/?cat=114\">Constructii capitale<\/a> (3)\n<\/li>\n\t<li class=\"cat-item cat-item-98\"><a href=\"https:\/\/mobilitatechisinau.md\/?cat=98\">Consult\u0103ri publice<\/a> (7)\n<\/li>\n\t<li class=\"cat-item cat-item-120\"><a href=\"https:\/\/mobilitatechisinau.md\/?cat=120\">Curti si accese<\/a> (11)\n<\/li>\n\t<li class=\"cat-item cat-item-94\"><a href=\"https:\/\/mobilitatechisinau.md\/?cat=94\">Dispozi\u021bii<\/a> (1)\n<\/li>\n\t<li class=\"cat-item cat-item-125\"><a href=\"https:\/\/mobilitatechisinau.md\/?cat=125\">Exdrupo 2020<\/a> (6)\n<\/li>\n\t<li class=\"cat-item cat-item-126\"><a href=\"https:\/\/mobilitatechisinau.md\/?cat=126\">Exdrupo 2021<\/a> (5)\n<\/li>\n\t<li class=\"cat-item cat-item-127\"><a href=\"https:\/\/mobilitatechisinau.md\/?cat=127\">Exdrupo 2022<\/a> (10)\n<\/li>\n\t<li class=\"cat-item cat-item-128\"><a href=\"https:\/\/mobilitatechisinau.md\/?cat=128\">Exdrupo 2023<\/a> (3)\n<\/li>\n\t<li class=\"cat-item cat-item-133\"><a href=\"https:\/\/mobilitatechisinau.md\/?cat=133\">Exdrupo 2024<\/a> (12)\n<\/li>\n\t<li class=\"cat-item cat-item-111\"><a href=\"https:\/\/mobilitatechisinau.md\/?cat=111\">finantare externa<\/a> (11)\n<\/li>\n\t<li class=\"cat-item cat-item-96\"><a href=\"https:\/\/mobilitatechisinau.md\/?cat=96\">Galerie foto<\/a> (155)\n<\/li>\n\t<li class=\"cat-item cat-item-97\"><a href=\"https:\/\/mobilitatechisinau.md\/?cat=97\">Galerie video<\/a> (16)\n<\/li>\n\t<li class=\"cat-item cat-item-112\"><a href=\"https:\/\/mobilitatechisinau.md\/?cat=112\">Iluminat<\/a> (3)\n<\/li>\n\t<li class=\"cat-item cat-item-113\"><a href=\"https:\/\/mobilitatechisinau.md\/?cat=113\">lucrari de intretinere<\/a> (26)\n<\/li>\n\t<li class=\"cat-item cat-item-117\"><a href=\"https:\/\/mobilitatechisinau.md\/?cat=117\">Modernizarea PUA&amp;RTEC<\/a> (7)\n<\/li>\n\t<li class=\"cat-item cat-item-130\"><a href=\"https:\/\/mobilitatechisinau.md\/?cat=130\">Parc\u0103ri<\/a> (7)\n<\/li>\n\t<li class=\"cat-item cat-item-115\"><a href=\"https:\/\/mobilitatechisinau.md\/?cat=115\">Poduri<\/a> (2)\n<\/li>\n\t<li class=\"cat-item cat-item-116\"><a href=\"https:\/\/mobilitatechisinau.md\/?cat=116\">securitatea<\/a> (11)\n<\/li>\n\t<li class=\"cat-item cat-item-95\"><a href=\"https:\/\/mobilitatechisinau.md\/?cat=95\">Slide<\/a> (25)\n<\/li>\n\t<li class=\"cat-item cat-item-129\"><a href=\"https:\/\/mobilitatechisinau.md\/?cat=129\">Suburbii<\/a> (1)\n<\/li>\n\t<li class=\"cat-item cat-item-134\"><a href=\"https:\/\/mobilitatechisinau.md\/?cat=134\">Taxare electronica<\/a> (3)\n<\/li>\n\t<li class=\"cat-item cat-item-119\"><a href=\"https:\/\/mobilitatechisinau.md\/?cat=119\">Trotuare<\/a> (14)\n<\/li>\n<\/ul>\t\t<\/div>\n\t\t\t\t<\/div>\n\t\t\t\t\t<\/div>\n\t\t<\/div>\n\t\t\t\t<div class=\"elementor-column elementor-col-33 elementor-top-column elementor-element elementor-element-2e9a955b\" data-id=\"2e9a955b\" data-element_type=\"column\">\n\t\t\t<div class=\"elementor-widget-wrap elementor-element-populated\">\n\t\t\t\t\t\t<div class=\"elementor-element elementor-element-4f7cabf7 elementor-widget elementor-widget-wp-widget-recent-posts\" data-id=\"4f7cabf7\" data-element_type=\"widget\" data-widget_type=\"wp-widget-recent-posts.default\">\n\t\t\t\t<div class=\"elementor-widget-container\">\n\t\t\t\n\t\t\n\t\t<h5>Articole recente<\/h5>\n\t\t<ul>\n\t\t\t\t\t\t\t\t\t\t\t<li>\n\t\t\t\t\t<a href=\"https:\/\/mobilitatechisinau.md\/?p=17370\">Lucr\u0103ri de repara\u021bie \u0219i \u00eentre\u021binere a infrastructurii rutiere municipale executate pe parcursul s\u0103pt\u0103m\u00e2nii trecute<\/a>\n\t\t\t\t\t\t\t\t\t<\/li>\n\t\t\t\t\t\t\t\t\t\t\t<li>\n\t\t\t\t\t<a href=\"https:\/\/mobilitatechisinau.md\/?p=17369\">Lucr\u0103ri de repara\u021bie \u0219i \u00eentre\u021binere a infrastructurii rutiere municipale executate pe parcursul s\u0103pt\u0103m\u00e2nii trecute<\/a>\n\t\t\t\t\t\t\t\t\t<\/li>\n\t\t\t\t\t\t\t\t\t\t\t<li>\n\t\t\t\t\t<a href=\"https:\/\/mobilitatechisinau.md\/?p=17390\">Lucr\u0103rile de repara\u021bie \u0219i \u00eentre\u021binere a infrastructurii rutiere sunt \u00een plin\u0103 desf\u0103\u0219urare, at\u00e2t pe arterele principale de acces spre suburbii, c\u00e2t \u0219i \u00een interiorul ora\u0219ului.<\/a>\n\t\t\t\t\t\t\t\t\t<\/li>\n\t\t\t\t\t<\/ul>\n\n\t\t\t\t<\/div>\n\t\t\t\t<\/div>\n\t\t\t\t\t<\/div>\n\t\t<\/div>\n\t\t\t\t\t<\/div>\n\t\t<\/section>\n\t\t\t\t<\/div>\n\t\t","protected":false},"excerpt":{"rendered":"<p>10 septembrie 2024 Invita\u021bie de participare Direc\u021bia General\u0103 Mobilitate Urban\u0103 invit\u0103 persoanele fizice \u0219i juridice interesate s\u0103 participe la&#8230; Continue reading 9 septembrie 2024 Lucr\u0103ri de repara\u021bie \u0219i \u00eentre\u021binere a infrastructurii rutiere municipale executate pe parcursul s\u0103pt\u0103m\u00e2nii trecute \u00cen perioada 2 \u2013 8 septembrie 2024, \u00ce.M. Regia \u201eExdrupo\u201d \u0219i antreprenorii contracta\u021bi de Direc\u021bia Gen&#8230; Continue [&hellip;]<\/p>\n","protected":false},"author":1,"featured_media":0,"parent":0,"menu_order":0,"comment_status":"closed","ping_status":"closed","template":"","meta":{"footnotes":""},"class_list":["post-6281","page","type-page","status-publish","hentry"],"yoast_head":"<!-- This site is optimized with the Yoast SEO plugin v23.9 - https:\/\/yoast.com\/wordpress\/plugins\/seo\/ -->\n<title>Comunicate de pres\u0103 - mobilitatechisinau.md<\/title>\n<meta name=\"robots\" content=\"index, follow, max-snippet:-1, max-image-preview:large, max-video-preview:-1\" \/>\n<link rel=\"canonical\" href=\"https:\/\/mobilitatechisinau.md\/?page_id=6281\" \/>\n<meta property=\"og:locale\" content=\"ro_RO\" \/>\n<meta property=\"og:type\" content=\"article\" \/>\n<meta property=\"og:title\" content=\"Comunicate de pres\u0103 - mobilitatechisinau.md\" \/>\n<meta property=\"og:description\" content=\"10 septembrie 2024 Invita\u021bie de participare Direc\u021bia General\u0103 Mobilitate Urban\u0103 invit\u0103 persoanele fizice \u0219i juridice interesate s\u0103 participe la&#8230; Continue reading 9 septembrie 2024 Lucr\u0103ri de repara\u021bie \u0219i \u00eentre\u021binere a infrastructurii rutiere municipale executate pe parcursul s\u0103pt\u0103m\u00e2nii trecute \u00cen perioada 2 \u2013 8 septembrie 2024, \u00ce.M. Regia \u201eExdrupo\u201d \u0219i antreprenorii contracta\u021bi de Direc\u021bia Gen&#8230; Continue [&hellip;]\" \/>\n<meta property=\"og:url\" content=\"https:\/\/mobilitatechisinau.md\/?page_id=6281\" \/>\n<meta property=\"og:site_name\" content=\"mobilitatechisinau.md\" \/>\n<meta property=\"article:publisher\" content=\"https:\/\/www.facebook.com\/DGTPCC\" \/>\n<meta property=\"article:modified_time\" content=\"2024-09-11T06:31:33+00:00\" \/>\n<meta property=\"og:image\" content=\"https:\/\/mobilitatechisinau.md\/wp-content\/uploads\/2024\/09\/459141980_505002912166769_8374149573205570878_n-305x178.jpg\" \/>\n<meta name=\"twitter:card\" content=\"summary_large_image\" \/>\n<meta name=\"twitter:label1\" content=\"Timp estimat pentru citire\" \/>\n\t<meta name=\"twitter:data1\" content=\"5 minute\" \/>\n<script type=\"application\/ld+json\" class=\"yoast-schema-graph\">{\"@context\":\"https:\/\/schema.org\",\"@graph\":[{\"@type\":\"WebPage\",\"@id\":\"https:\/\/mobilitatechisinau.md\/?page_id=6281\",\"url\":\"https:\/\/mobilitatechisinau.md\/?page_id=6281\",\"name\":\"Comunicate de pres\u0103 - mobilitatechisinau.md\",\"isPartOf\":{\"@id\":\"https:\/\/mobilitatechisinau.md\/#website\"},\"primaryImageOfPage\":{\"@id\":\"https:\/\/mobilitatechisinau.md\/?page_id=6281#primaryimage\"},\"image\":{\"@id\":\"https:\/\/mobilitatechisinau.md\/?page_id=6281#primaryimage\"},\"thumbnailUrl\":\"https:\/\/mobilitatechisinau.md\/wp-content\/uploads\/2024\/09\/459141980_505002912166769_8374149573205570878_n-305x178.jpg\",\"datePublished\":\"2022-03-17T10:20:42+00:00\",\"dateModified\":\"2024-09-11T06:31:33+00:00\",\"breadcrumb\":{\"@id\":\"https:\/\/mobilitatechisinau.md\/?page_id=6281#breadcrumb\"},\"inLanguage\":\"ro-RO\",\"potentialAction\":[{\"@type\":\"ReadAction\",\"target\":[\"https:\/\/mobilitatechisinau.md\/?page_id=6281\"]}]},{\"@type\":\"ImageObject\",\"inLanguage\":\"ro-RO\",\"@id\":\"https:\/\/mobilitatechisinau.md\/?page_id=6281#primaryimage\",\"url\":\"https:\/\/mobilitatechisinau.md\/wp-content\/uploads\/2024\/09\/459141980_505002912166769_8374149573205570878_n.jpg\",\"contentUrl\":\"https:\/\/mobilitatechisinau.md\/wp-content\/uploads\/2024\/09\/459141980_505002912166769_8374149573205570878_n.jpg\",\"width\":959,\"height\":655},{\"@type\":\"BreadcrumbList\",\"@id\":\"https:\/\/mobilitatechisinau.md\/?page_id=6281#breadcrumb\",\"itemListElement\":[{\"@type\":\"ListItem\",\"position\":1,\"name\":\"Prima pagin\u0103\",\"item\":\"https:\/\/mobilitatechisinau.md\/\"},{\"@type\":\"ListItem\",\"position\":2,\"name\":\"Comunicate de pres\u0103\"}]},{\"@type\":\"WebSite\",\"@id\":\"https:\/\/mobilitatechisinau.md\/#website\",\"url\":\"https:\/\/mobilitatechisinau.md\/\",\"name\":\"mobilitatechisinau.md\",\"description\":\"Direc\u0163ia General\u0103 Mobilitate Urban\u0103\",\"publisher\":{\"@id\":\"https:\/\/mobilitatechisinau.md\/#organization\"},\"potentialAction\":[{\"@type\":\"SearchAction\",\"target\":{\"@type\":\"EntryPoint\",\"urlTemplate\":\"https:\/\/mobilitatechisinau.md\/?s={search_term_string}\"},\"query-input\":{\"@type\":\"PropertyValueSpecification\",\"valueRequired\":true,\"valueName\":\"search_term_string\"}}],\"inLanguage\":\"ro-RO\"},{\"@type\":\"Organization\",\"@id\":\"https:\/\/mobilitatechisinau.md\/#organization\",\"name\":\"Direc\u0163ia general\u0103 transport public \u015fi c\u0103i de comunica\u0163ie\",\"url\":\"https:\/\/mobilitatechisinau.md\/\",\"logo\":{\"@type\":\"ImageObject\",\"inLanguage\":\"ro-RO\",\"@id\":\"https:\/\/mobilitatechisinau.md\/#\/schema\/logo\/image\/\",\"url\":\"https:\/\/dgtpcc.md\/wp-content\/uploads\/2022\/05\/DGTPCC-Chis\u0326ina\u0306u-new.jpg\",\"contentUrl\":\"https:\/\/dgtpcc.md\/wp-content\/uploads\/2022\/05\/DGTPCC-Chis\u0326ina\u0306u-new.jpg\",\"width\":304,\"height\":80,\"caption\":\"Direc\u0163ia general\u0103 transport public \u015fi c\u0103i de comunica\u0163ie\"},\"image\":{\"@id\":\"https:\/\/mobilitatechisinau.md\/#\/schema\/logo\/image\/\"},\"sameAs\":[\"https:\/\/www.facebook.com\/DGTPCC\"]}]}<\/script>\n<!-- \/ Yoast SEO plugin. -->","yoast_head_json":{"title":"Comunicate de pres\u0103 - mobilitatechisinau.md","robots":{"index":"index","follow":"follow","max-snippet":"max-snippet:-1","max-image-preview":"max-image-preview:large","max-video-preview":"max-video-preview:-1"},"canonical":"https:\/\/mobilitatechisinau.md\/?page_id=6281","og_locale":"ro_RO","og_type":"article","og_title":"Comunicate de pres\u0103 - mobilitatechisinau.md","og_description":"10 septembrie 2024 Invita\u021bie de participare Direc\u021bia General\u0103 Mobilitate Urban\u0103 invit\u0103 persoanele fizice \u0219i juridice interesate s\u0103 participe la&#8230; Continue reading 9 septembrie 2024 Lucr\u0103ri de repara\u021bie \u0219i \u00eentre\u021binere a infrastructurii rutiere municipale executate pe parcursul s\u0103pt\u0103m\u00e2nii trecute \u00cen perioada 2 \u2013 8 septembrie 2024, \u00ce.M. Regia \u201eExdrupo\u201d \u0219i antreprenorii contracta\u021bi de Direc\u021bia Gen&#8230; Continue [&hellip;]","og_url":"https:\/\/mobilitatechisinau.md\/?page_id=6281","og_site_name":"mobilitatechisinau.md","article_publisher":"https:\/\/www.facebook.com\/DGTPCC","article_modified_time":"2024-09-11T06:31:33+00:00","og_image":[{"url":"https:\/\/mobilitatechisinau.md\/wp-content\/uploads\/2024\/09\/459141980_505002912166769_8374149573205570878_n-305x178.jpg"}],"twitter_card":"summary_large_image","twitter_misc":{"Timp estimat pentru citire":"5 minute"},"schema":{"@context":"https:\/\/schema.org","@graph":[{"@type":"WebPage","@id":"https:\/\/mobilitatechisinau.md\/?page_id=6281","url":"https:\/\/mobilitatechisinau.md\/?page_id=6281","name":"Comunicate de pres\u0103 - mobilitatechisinau.md","isPartOf":{"@id":"https:\/\/mobilitatechisinau.md\/#website"},"primaryImageOfPage":{"@id":"https:\/\/mobilitatechisinau.md\/?page_id=6281#primaryimage"},"image":{"@id":"https:\/\/mobilitatechisinau.md\/?page_id=6281#primaryimage"},"thumbnailUrl":"https:\/\/mobilitatechisinau.md\/wp-content\/uploads\/2024\/09\/459141980_505002912166769_8374149573205570878_n-305x178.jpg","datePublished":"2022-03-17T10:20:42+00:00","dateModified":"2024-09-11T06:31:33+00:00","breadcrumb":{"@id":"https:\/\/mobilitatechisinau.md\/?page_id=6281#breadcrumb"},"inLanguage":"ro-RO","potentialAction":[{"@type":"ReadAction","target":["https:\/\/mobilitatechisinau.md\/?page_id=6281"]}]},{"@type":"ImageObject","inLanguage":"ro-RO","@id":"https:\/\/mobilitatechisinau.md\/?page_id=6281#primaryimage","url":"https:\/\/mobilitatechisinau.md\/wp-content\/uploads\/2024\/09\/459141980_505002912166769_8374149573205570878_n.jpg","contentUrl":"https:\/\/mobilitatechisinau.md\/wp-content\/uploads\/2024\/09\/459141980_505002912166769_8374149573205570878_n.jpg","width":959,"height":655},{"@type":"BreadcrumbList","@id":"https:\/\/mobilitatechisinau.md\/?page_id=6281#breadcrumb","itemListElement":[{"@type":"ListItem","position":1,"name":"Prima pagin\u0103","item":"https:\/\/mobilitatechisinau.md\/"},{"@type":"ListItem","position":2,"name":"Comunicate de pres\u0103"}]},{"@type":"WebSite","@id":"https:\/\/mobilitatechisinau.md\/#website","url":"https:\/\/mobilitatechisinau.md\/","name":"mobilitatechisinau.md","description":"Direc\u0163ia General\u0103 Mobilitate Urban\u0103","publisher":{"@id":"https:\/\/mobilitatechisinau.md\/#organization"},"potentialAction":[{"@type":"SearchAction","target":{"@type":"EntryPoint","urlTemplate":"https:\/\/mobilitatechisinau.md\/?s={search_term_string}"},"query-input":{"@type":"PropertyValueSpecification","valueRequired":true,"valueName":"search_term_string"}}],"inLanguage":"ro-RO"},{"@type":"Organization","@id":"https:\/\/mobilitatechisinau.md\/#organization","name":"Direc\u0163ia general\u0103 transport public \u015fi c\u0103i de comunica\u0163ie","url":"https:\/\/mobilitatechisinau.md\/","logo":{"@type":"ImageObject","inLanguage":"ro-RO","@id":"https:\/\/mobilitatechisinau.md\/#\/schema\/logo\/image\/","url":"https:\/\/dgtpcc.md\/wp-content\/uploads\/2022\/05\/DGTPCC-Chis\u0326ina\u0306u-new.jpg","contentUrl":"https:\/\/dgtpcc.md\/wp-content\/uploads\/2022\/05\/DGTPCC-Chis\u0326ina\u0306u-new.jpg","width":304,"height":80,"caption":"Direc\u0163ia general\u0103 transport public \u015fi c\u0103i de comunica\u0163ie"},"image":{"@id":"https:\/\/mobilitatechisinau.md\/#\/schema\/logo\/image\/"},"sameAs":["https:\/\/www.facebook.com\/DGTPCC"]}]}},"_links":{"self":[{"href":"https:\/\/mobilitatechisinau.md\/index.php?rest_route=\/wp\/v2\/pages\/6281","targetHints":{"allow":["GET"]}}],"collection":[{"href":"https:\/\/mobilitatechisinau.md\/index.php?rest_route=\/wp\/v2\/pages"}],"about":[{"href":"https:\/\/mobilitatechisinau.md\/index.php?rest_route=\/wp\/v2\/types\/page"}],"author":[{"embeddable":true,"href":"https:\/\/mobilitatechisinau.md\/index.php?rest_route=\/wp\/v2\/users\/1"}],"replies":[{"embeddable":true,"href":"https:\/\/mobilitatechisinau.md\/index.php?rest_route=%2Fwp%2Fv2%2Fcomments&post=6281"}],"version-history":[{"count":0,"href":"https:\/\/mobilitatechisinau.md\/index.php?rest_route=\/wp\/v2\/pages\/6281\/revisions"}],"wp:attachment":[{"href":"https:\/\/mobilitatechisinau.md\/index.php?rest_route=%2Fwp%2Fv2%2Fmedia&parent=6281"}],"curies":[{"name":"wp","href":"https:\/\/api.w.org\/{rel}","templated":true}]}}