{"id":6286,"date":"2022-03-17T12:24:33","date_gmt":"2022-03-17T10:24:33","guid":{"rendered":"https:\/\/mobilitatechisinau.md\/?page_id=6286"},"modified":"2022-03-17T12:26:13","modified_gmt":"2022-03-17T10:26:13","slug":"angajari","status":"publish","type":"page","link":"https:\/\/mobilitatechisinau.md\/?page_id=6286","title":{"rendered":"Angaj\u0103ri"},"content":{"rendered":"\t\t<div data-elementor-type=\"wp-page\" data-elementor-id=\"6286\" class=\"elementor elementor-6286\">\n\t\t\t\t\t\t<section class=\"elementor-section elementor-top-section elementor-element elementor-element-a836312 elementor-section-boxed elementor-section-height-default elementor-section-height-default default-style\" data-id=\"a836312\" data-element_type=\"section\" data-settings=\"{&quot;rt_color_sets&quot;:&quot;default-style&quot;}\">\n\t\t\t\t\t\t<div class=\"elementor-container elementor-column-gap-default\">\n\t\t\t\t\t<div class=\"elementor-column elementor-col-100 elementor-top-column elementor-element elementor-element-42bc6f0\" data-id=\"42bc6f0\" data-element_type=\"column\">\n\t\t\t<div class=\"elementor-widget-wrap elementor-element-populated\">\n\t\t\t\t\t\t<div class=\"elementor-element elementor-element-e20b782 elementor-widget elementor-widget-rt-blog\" data-id=\"e20b782\" data-element_type=\"widget\" data-widget_type=\"rt-blog.default\">\n\t\t\t\t<div class=\"elementor-widget-container\">\n\t\t\t\n<div id=\"blog-dynamicID-731739\" class=\"blog_list clearfix fixed_heights\" data-column-width=\"3\">\n<div class=\"row clearfix\">\n<article id=\"17362\" class=\"col col-sm-4 post-17362 post type-post status-publish format-standard has-post-thumbnail hentry category-angajari\"><div class=\"post-content-wrapper boxed\">\n \n\n<!-- blog box-->\n\t\t\t\t<figure class=\"featured_image featured_media\">\n\t\t\t<a href=\"https:\/\/mobilitatechisinau.md\/?p=17362\" title=\"Anun\u021b \u00eenving\u0103tor al concursului pentru ocuparea func\u021biei publice vacante de \u0219ef\/\u0219ef\u0103 Sec\u021bia proceduri de achizi\u021bii din cadrul Direc\u021biei achizi\u021bii publice\" class=\"imgeffect link featured_image\"><img fetchpriority=\"high\" decoding=\"async\" src=\"https:\/\/mobilitatechisinau.md\/wp-content\/uploads\/2024\/01\/Anunt-postare-01-480x280.jpg\" alt=\"\" class=\"\" width=\"480\" height=\"280\" \/><\/a>\t\t\n\t\t<\/figure> \n\t\t\n\t<a href=\"https:\/\/mobilitatechisinau.md\/?p=17362\" title=\"Anun\u021b \u00eenving\u0103tor al concursului pentru ocuparea func\u021biei publice vacante de \u0219ef\/\u0219ef\u0103 Sec\u021bia proceduri de achizi\u021bii din cadrul Direc\u021biei achizi\u021bii publice\" class=\"post-date\">16 aprilie 2026<\/a>\t\t\t\t\n\n\t<div class=\"entry-content text\">\n\n\t\t<!-- blog headline-->\n\t\t<h6 class=\"entry-title\"><a href=\"https:\/\/mobilitatechisinau.md\/?p=17362\" rel=\"bookmark\">Anun\u021b \u00eenving\u0103tor al concursului pentru ocuparea func\u021biei publice vacante de \u0219ef\/\u0219ef\u0103 Sec\u021bia proceduri de achizi\u021bii din cadrul Direc\u021biei achizi\u021bii publice<\/a><\/h6> \n\n\t\t\n\t\t<p><\/p>\t<\/div> \n\n\t<div class=\"entry-footer\">\n\n\t\t<a href=\"https:\/\/mobilitatechisinau.md\/?p=17362\" class=\"read_more\">Continue reading<\/a>\n\t<\/div>\n\n<!-- \/ blog box-->\n<\/div><\/article>\n<article id=\"17359\" class=\"col col-sm-4 post-17359 post type-post status-publish format-standard has-post-thumbnail hentry category-angajari\"><div class=\"post-content-wrapper boxed\">\n \n\n<!-- blog box-->\n\t\t\t\t<figure class=\"featured_image featured_media\">\n\t\t\t<a href=\"https:\/\/mobilitatechisinau.md\/?p=17359\" title=\"Anun\u021b \u00eenving\u0103tor al concursului pentru ocuparea func\u021biei publice vacante de \u0219ef\/\u0219ef\u0103 Sec\u021bia supraveghere tehnic\u0103 \u0219i implementare proiecte din cadrul Direc\u021biei lucr\u0103ri edilitare\" class=\"imgeffect link featured_image\"><img fetchpriority=\"high\" decoding=\"async\" src=\"https:\/\/mobilitatechisinau.md\/wp-content\/uploads\/2024\/01\/Anunt-postare-01-480x280.jpg\" alt=\"\" class=\"\" width=\"480\" height=\"280\" \/><\/a>\t\t\n\t\t<\/figure> \n\t\t\n\t<a href=\"https:\/\/mobilitatechisinau.md\/?p=17359\" title=\"Anun\u021b \u00eenving\u0103tor al concursului pentru ocuparea func\u021biei publice vacante de \u0219ef\/\u0219ef\u0103 Sec\u021bia supraveghere tehnic\u0103 \u0219i implementare proiecte din cadrul Direc\u021biei lucr\u0103ri edilitare\" class=\"post-date\">16 aprilie 2026<\/a>\t\t\t\t\n\n\t<div class=\"entry-content text\">\n\n\t\t<!-- blog headline-->\n\t\t<h6 class=\"entry-title\"><a href=\"https:\/\/mobilitatechisinau.md\/?p=17359\" rel=\"bookmark\">Anun\u021b \u00eenving\u0103tor al concursului pentru ocuparea func\u021biei publice vacante de \u0219ef\/\u0219ef\u0103 Sec\u021bia supraveghere tehnic\u0103 \u0219i implementare proiecte din cadrul Direc\u021biei lucr\u0103ri edilitare<\/a><\/h6> \n\n\t\t\n\t\t<p><\/p>\t<\/div> \n\n\t<div class=\"entry-footer\">\n\n\t\t<a href=\"https:\/\/mobilitatechisinau.md\/?p=17359\" class=\"read_more\">Continue reading<\/a>\n\t<\/div>\n\n<!-- \/ blog box-->\n<\/div><\/article>\n<article id=\"17355\" class=\"col col-sm-4 post-17355 post type-post status-publish format-standard has-post-thumbnail hentry category-angajari\"><div class=\"post-content-wrapper boxed\">\n \n\n<!-- blog box-->\n\t\t\t\t<figure class=\"featured_image featured_media\">\n\t\t\t<a href=\"https:\/\/mobilitatechisinau.md\/?p=17355\" title=\"Anun\u021b \u00eenving\u0103tor al concursului pentru ocuparea func\u021biei publice vacante de specialist principal\/specialist\u0103 principal\u0103, Sec\u021bia management din cadrul Direc\u021biei parc\u0103ri\" class=\"imgeffect link featured_image\"><img fetchpriority=\"high\" decoding=\"async\" src=\"https:\/\/mobilitatechisinau.md\/wp-content\/uploads\/2024\/01\/Anunt-postare-01-480x280.jpg\" alt=\"\" class=\"\" width=\"480\" height=\"280\" \/><\/a>\t\t\n\t\t<\/figure> \n\t\t\n\t<a href=\"https:\/\/mobilitatechisinau.md\/?p=17355\" title=\"Anun\u021b \u00eenving\u0103tor al concursului pentru ocuparea func\u021biei publice vacante de specialist principal\/specialist\u0103 principal\u0103, Sec\u021bia management din cadrul Direc\u021biei parc\u0103ri\" class=\"post-date\">16 aprilie 2026<\/a>\t\t\t\t\n\n\t<div class=\"entry-content text\">\n\n\t\t<!-- blog headline-->\n\t\t<h6 class=\"entry-title\"><a href=\"https:\/\/mobilitatechisinau.md\/?p=17355\" rel=\"bookmark\">Anun\u021b \u00eenving\u0103tor al concursului pentru ocuparea func\u021biei publice vacante de specialist principal\/specialist\u0103 principal\u0103, Sec\u021bia management din cadrul Direc\u021biei parc\u0103ri<\/a><\/h6> \n\n\t\t\n\t\t<p><\/p>\t<\/div> \n\n\t<div class=\"entry-footer\">\n\n\t\t<a href=\"https:\/\/mobilitatechisinau.md\/?p=17355\" class=\"read_more\">Continue reading<\/a>\n\t<\/div>\n\n<!-- \/ blog box-->\n<\/div><\/article>\n<\/div>\n<div class=\"row clearfix\">\n<article id=\"17367\" class=\"col col-sm-4 post-17367 post type-post status-publish format-standard has-post-thumbnail hentry category-angajari\"><div class=\"post-content-wrapper boxed\">\n \n\n<!-- blog box-->\n\t\t\t\t<figure class=\"featured_image featured_media\">\n\t\t\t<a href=\"https:\/\/mobilitatechisinau.md\/?p=17367\" title=\"Anun\u021b \u00eenving\u0103tor al concursului pentru ocuparea func\u021biei publice vacante de specialist superior\/specialist\u0103 superioar\u0103 din cadrul Direc\u021biei autorizare \u0219i avizare proiecte\" class=\"imgeffect link featured_image\"><img fetchpriority=\"high\" decoding=\"async\" src=\"https:\/\/mobilitatechisinau.md\/wp-content\/uploads\/2024\/01\/Anunt-postare-01-480x280.jpg\" alt=\"\" class=\"\" width=\"480\" height=\"280\" \/><\/a>\t\t\n\t\t<\/figure> \n\t\t\n\t<a href=\"https:\/\/mobilitatechisinau.md\/?p=17367\" title=\"Anun\u021b \u00eenving\u0103tor al concursului pentru ocuparea func\u021biei publice vacante de specialist superior\/specialist\u0103 superioar\u0103 din cadrul Direc\u021biei autorizare \u0219i avizare proiecte\" class=\"post-date\">16 aprilie 2026<\/a>\t\t\t\t\n\n\t<div class=\"entry-content text\">\n\n\t\t<!-- blog headline-->\n\t\t<h6 class=\"entry-title\"><a href=\"https:\/\/mobilitatechisinau.md\/?p=17367\" rel=\"bookmark\">Anun\u021b \u00eenving\u0103tor al concursului pentru ocuparea func\u021biei publice vacante de specialist superior\/specialist\u0103 superioar\u0103 din cadrul Direc\u021biei autorizare \u0219i avizare proiecte<\/a><\/h6> \n\n\t\t\n\t\t<p><\/p>\t<\/div> \n\n\t<div class=\"entry-footer\">\n\n\t\t<a href=\"https:\/\/mobilitatechisinau.md\/?p=17367\" class=\"read_more\">Continue reading<\/a>\n\t<\/div>\n\n<!-- \/ blog box-->\n<\/div><\/article>\n<article id=\"17343\" class=\"col col-sm-4 post-17343 post type-post status-publish format-standard has-post-thumbnail hentry category-angajari\"><div class=\"post-content-wrapper boxed\">\n \n\n<!-- blog box-->\n\t\t\t\t<figure class=\"featured_image featured_media\">\n\t\t\t<a href=\"https:\/\/mobilitatechisinau.md\/?p=17343\" title=\"ANUN\u021a proba interviului pentru ocuparea func\u021biei publice vacante de specialist principal, Sec\u021bia management din cadrul Direc\u021biei parc\u0103ri\" class=\"imgeffect link featured_image\"><img fetchpriority=\"high\" decoding=\"async\" src=\"https:\/\/mobilitatechisinau.md\/wp-content\/uploads\/2024\/01\/Anunt-postare-01-480x280.jpg\" alt=\"\" class=\"\" width=\"480\" height=\"280\" \/><\/a>\t\t\n\t\t<\/figure> \n\t\t\n\t<a href=\"https:\/\/mobilitatechisinau.md\/?p=17343\" title=\"ANUN\u021a proba interviului pentru ocuparea func\u021biei publice vacante de specialist principal, Sec\u021bia management din cadrul Direc\u021biei parc\u0103ri\" class=\"post-date\">10 aprilie 2026<\/a>\t\t\t\t\n\n\t<div class=\"entry-content text\">\n\n\t\t<!-- blog headline-->\n\t\t<h6 class=\"entry-title\"><a href=\"https:\/\/mobilitatechisinau.md\/?p=17343\" rel=\"bookmark\">ANUN\u021a proba interviului pentru ocuparea func\u021biei publice vacante de specialist principal, Sec\u021bia management din cadrul Direc\u021biei parc\u0103ri<\/a><\/h6> \n\n\t\t\n\t\t<p><\/p>\t<\/div> \n\n\t<div class=\"entry-footer\">\n\n\t\t<a href=\"https:\/\/mobilitatechisinau.md\/?p=17343\" class=\"read_more\">Continue reading<\/a>\n\t<\/div>\n\n<!-- \/ blog box-->\n<\/div><\/article>\n<article id=\"17341\" class=\"col col-sm-4 post-17341 post type-post status-publish format-standard has-post-thumbnail hentry category-angajari\"><div class=\"post-content-wrapper boxed\">\n \n\n<!-- blog box-->\n\t\t\t\t<figure class=\"featured_image featured_media\">\n\t\t\t<a href=\"https:\/\/mobilitatechisinau.md\/?p=17341\" title=\"ANUN\u021a proba interviului pentru ocuparea func\u021biei publice vacante de specialist superior din cadrul Direc\u021biei autorizare \u0219i avizare proiecte\" class=\"imgeffect link featured_image\"><img fetchpriority=\"high\" decoding=\"async\" src=\"https:\/\/mobilitatechisinau.md\/wp-content\/uploads\/2024\/01\/Anunt-postare-01-480x280.jpg\" alt=\"\" class=\"\" width=\"480\" height=\"280\" \/><\/a>\t\t\n\t\t<\/figure> \n\t\t\n\t<a href=\"https:\/\/mobilitatechisinau.md\/?p=17341\" title=\"ANUN\u021a proba interviului pentru ocuparea func\u021biei publice vacante de specialist superior din cadrul Direc\u021biei autorizare \u0219i avizare proiecte\" class=\"post-date\">10 aprilie 2026<\/a>\t\t\t\t\n\n\t<div class=\"entry-content text\">\n\n\t\t<!-- blog headline-->\n\t\t<h6 class=\"entry-title\"><a href=\"https:\/\/mobilitatechisinau.md\/?p=17341\" rel=\"bookmark\">ANUN\u021a proba interviului pentru ocuparea func\u021biei publice vacante de specialist superior din cadrul Direc\u021biei autorizare \u0219i avizare proiecte<\/a><\/h6> \n\n\t\t\n\t\t<p><\/p>\t<\/div> \n\n\t<div class=\"entry-footer\">\n\n\t\t<a href=\"https:\/\/mobilitatechisinau.md\/?p=17341\" class=\"read_more\">Continue reading<\/a>\n\t<\/div>\n\n<!-- \/ blog box-->\n<\/div><\/article>\n<\/div>\n<div class=\"row clearfix\">\n<article id=\"17338\" class=\"col col-sm-4 post-17338 post type-post status-publish format-standard has-post-thumbnail hentry category-angajari\"><div class=\"post-content-wrapper boxed\">\n \n\n<!-- blog box-->\n\t\t\t\t<figure class=\"featured_image featured_media\">\n\t\t\t<a href=\"https:\/\/mobilitatechisinau.md\/?p=17338\" title=\"ANUN\u021a proba interviului pentru ocuparea func\u021biei publice vacante de \u0219ef Sec\u021bia proceduri de achizi\u021bii din cadrul Direc\u021biei achizi\u021bii publice\" class=\"imgeffect link featured_image\"><img fetchpriority=\"high\" decoding=\"async\" src=\"https:\/\/mobilitatechisinau.md\/wp-content\/uploads\/2024\/01\/Anunt-postare-01-480x280.jpg\" alt=\"\" class=\"\" width=\"480\" height=\"280\" \/><\/a>\t\t\n\t\t<\/figure> \n\t\t\n\t<a href=\"https:\/\/mobilitatechisinau.md\/?p=17338\" title=\"ANUN\u021a proba interviului pentru ocuparea func\u021biei publice vacante de \u0219ef Sec\u021bia proceduri de achizi\u021bii din cadrul Direc\u021biei achizi\u021bii publice\" class=\"post-date\">9 aprilie 2026<\/a>\t\t\t\t\n\n\t<div class=\"entry-content text\">\n\n\t\t<!-- blog headline-->\n\t\t<h6 class=\"entry-title\"><a href=\"https:\/\/mobilitatechisinau.md\/?p=17338\" rel=\"bookmark\">ANUN\u021a proba interviului pentru ocuparea func\u021biei publice vacante de \u0219ef Sec\u021bia proceduri de achizi\u021bii din cadrul Direc\u021biei achizi\u021bii publice<\/a><\/h6> \n\n\t\t\n\t\t<p><\/p>\t<\/div> \n\n\t<div class=\"entry-footer\">\n\n\t\t<a href=\"https:\/\/mobilitatechisinau.md\/?p=17338\" class=\"read_more\">Continue reading<\/a>\n\t<\/div>\n\n<!-- \/ blog box-->\n<\/div><\/article>\n<article id=\"17334\" class=\"col col-sm-4 post-17334 post type-post status-publish format-standard has-post-thumbnail hentry category-angajari\"><div class=\"post-content-wrapper boxed\">\n \n\n<!-- blog box-->\n\t\t\t\t<figure class=\"featured_image featured_media\">\n\t\t\t<a href=\"https:\/\/mobilitatechisinau.md\/?p=17334\" title=\"ANUN\u021a proba interviului pentru ocuparea func\u021biei publice vacante de \u0219ef Sec\u021bia supraveghere tehnic\u0103 \u0219i implimentare proiecte\u00a0din cadrul Direc\u021biei lucr\u0103ri edilitare\" class=\"imgeffect link featured_image\"><img fetchpriority=\"high\" decoding=\"async\" src=\"https:\/\/mobilitatechisinau.md\/wp-content\/uploads\/2024\/01\/Anunt-postare-01-480x280.jpg\" alt=\"\" class=\"\" width=\"480\" height=\"280\" \/><\/a>\t\t\n\t\t<\/figure> \n\t\t\n\t<a href=\"https:\/\/mobilitatechisinau.md\/?p=17334\" title=\"ANUN\u021a proba interviului pentru ocuparea func\u021biei publice vacante de \u0219ef Sec\u021bia supraveghere tehnic\u0103 \u0219i implimentare proiecte\u00a0din cadrul Direc\u021biei lucr\u0103ri edilitare\" class=\"post-date\">9 aprilie 2026<\/a>\t\t\t\t\n\n\t<div class=\"entry-content text\">\n\n\t\t<!-- blog headline-->\n\t\t<h6 class=\"entry-title\"><a href=\"https:\/\/mobilitatechisinau.md\/?p=17334\" rel=\"bookmark\">ANUN\u021a proba interviului pentru ocuparea func\u021biei publice vacante de \u0219ef Sec\u021bia supraveghere tehnic\u0103 \u0219i implimentare proiecte\u00a0din cadrul Direc\u021biei lucr\u0103ri edilitare<\/a><\/h6> \n\n\t\t\n\t\t<p><\/p>\t<\/div> \n\n\t<div class=\"entry-footer\">\n\n\t\t<a href=\"https:\/\/mobilitatechisinau.md\/?p=17334\" class=\"read_more\">Continue reading<\/a>\n\t<\/div>\n\n<!-- \/ blog box-->\n<\/div><\/article>\n<article id=\"17331\" class=\"col col-sm-4 post-17331 post type-post status-publish format-standard has-post-thumbnail hentry category-angajari\"><div class=\"post-content-wrapper boxed\">\n \n\n<!-- blog box-->\n\t\t\t\t<figure class=\"featured_image featured_media\">\n\t\t\t<a href=\"https:\/\/mobilitatechisinau.md\/?p=17331\" title=\"ANUN\u021a proba scris\u0103 pentru ocuparea func\u021biei publice vacante de specialist principal, Sec\u021bia management din cadrul Direc\u021biei parc\u0103ri\" class=\"imgeffect link featured_image\"><img fetchpriority=\"high\" decoding=\"async\" src=\"https:\/\/mobilitatechisinau.md\/wp-content\/uploads\/2024\/01\/Anunt-postare-01-480x280.jpg\" alt=\"\" class=\"\" width=\"480\" height=\"280\" \/><\/a>\t\t\n\t\t<\/figure> \n\t\t\n\t<a href=\"https:\/\/mobilitatechisinau.md\/?p=17331\" title=\"ANUN\u021a proba scris\u0103 pentru ocuparea func\u021biei publice vacante de specialist principal, Sec\u021bia management din cadrul Direc\u021biei parc\u0103ri\" class=\"post-date\">6 aprilie 2026<\/a>\t\t\t\t\n\n\t<div class=\"entry-content text\">\n\n\t\t<!-- blog headline-->\n\t\t<h6 class=\"entry-title\"><a href=\"https:\/\/mobilitatechisinau.md\/?p=17331\" rel=\"bookmark\">ANUN\u021a proba scris\u0103 pentru ocuparea func\u021biei publice vacante de specialist principal, Sec\u021bia management din cadrul Direc\u021biei parc\u0103ri<\/a><\/h6> \n\n\t\t\n\t\t<p><\/p>\t<\/div> \n\n\t<div class=\"entry-footer\">\n\n\t\t<a href=\"https:\/\/mobilitatechisinau.md\/?p=17331\" class=\"read_more\">Continue reading<\/a>\n\t<\/div>\n\n<!-- \/ blog box-->\n<\/div><\/article>\n<\/div>\n<\/div>\n<div class=\"paging_wrapper margin-t30 margin-b30\"><ul class='page-numbers'>\n\t<li><span aria-current=\"page\" class=\"page-numbers current\">1<\/span><\/li>\n\t<li><a class=\"page-numbers\" href=\"https:\/\/mobilitatechisinau.md\/index.php\/?paged=2&#038;rest_route=%2Fwp%2Fv2%2Fpages%2F6286\">2<\/a><\/li>\n\t<li><a class=\"page-numbers\" href=\"https:\/\/mobilitatechisinau.md\/index.php\/?paged=3&#038;rest_route=%2Fwp%2Fv2%2Fpages%2F6286\">3<\/a><\/li>\n\t<li><span class=\"page-numbers dots\">&hellip;<\/span><\/li>\n\t<li><a class=\"page-numbers\" href=\"https:\/\/mobilitatechisinau.md\/index.php\/?paged=16&#038;rest_route=%2Fwp%2Fv2%2Fpages%2F6286\">16<\/a><\/li>\n\t<li><a class=\"next page-numbers\" href=\"https:\/\/mobilitatechisinau.md\/index.php\/?paged=2&#038;rest_route=%2Fwp%2Fv2%2Fpages%2F6286\"><span class=\"ui-icon-angle-right\"><\/span><\/a><\/li>\n<\/ul>\n<\/div>\t\t<\/div>\n\t\t\t\t<\/div>\n\t\t\t\t\t<\/div>\n\t\t<\/div>\n\t\t\t\t\t<\/div>\n\t\t<\/section>\n\t\t\t\t<\/div>\n\t\t","protected":false},"excerpt":{"rendered":"<p>6 ianuarie 2021 Anun\u021b privind desf\u0103\u0219urarea interviului pentru func\u021bia vacant\u0103 de specialist principal SIP Continue reading 3 decembrie 2020 Anun\u021b privind desf\u0103\u0219urarea concursurilor pentru func\u021bia de specialist principal (jurist) Continue reading 3 decembrie 2020 Anun\u021b privind desf\u0103\u0219urarea concursurilor pentru func\u021biei de specialist principal\ufffc Continue reading 12 noiembrie 2020 Anun\u021b! Candida\u021bii admi\u0219i la concurs Continue reading [&hellip;]<\/p>\n","protected":false},"author":1,"featured_media":0,"parent":0,"menu_order":0,"comment_status":"closed","ping_status":"closed","template":"","meta":{"footnotes":""},"class_list":["post-6286","page","type-page","status-publish","hentry"],"yoast_head":"<!-- This site is optimized with the Yoast SEO plugin v23.9 - https:\/\/yoast.com\/wordpress\/plugins\/seo\/ -->\n<title>Angaj\u0103ri - mobilitatechisinau.md<\/title>\n<meta name=\"robots\" content=\"index, follow, max-snippet:-1, max-image-preview:large, max-video-preview:-1\" \/>\n<link rel=\"canonical\" href=\"https:\/\/mobilitatechisinau.md\/?page_id=6286\" \/>\n<meta property=\"og:locale\" content=\"ro_RO\" \/>\n<meta property=\"og:type\" content=\"article\" \/>\n<meta property=\"og:title\" content=\"Angaj\u0103ri - mobilitatechisinau.md\" \/>\n<meta property=\"og:description\" content=\"6 ianuarie 2021 Anun\u021b privind desf\u0103\u0219urarea interviului pentru func\u021bia vacant\u0103 de specialist principal SIP Continue reading 3 decembrie 2020 Anun\u021b privind desf\u0103\u0219urarea concursurilor pentru func\u021bia de specialist principal (jurist) Continue reading 3 decembrie 2020 Anun\u021b privind desf\u0103\u0219urarea concursurilor pentru func\u021biei de specialist principal\ufffc Continue reading 12 noiembrie 2020 Anun\u021b! Candida\u021bii admi\u0219i la concurs Continue reading [&hellip;]\" \/>\n<meta property=\"og:url\" content=\"https:\/\/mobilitatechisinau.md\/?page_id=6286\" \/>\n<meta property=\"og:site_name\" content=\"mobilitatechisinau.md\" \/>\n<meta property=\"article:publisher\" content=\"https:\/\/www.facebook.com\/DGTPCC\" \/>\n<meta property=\"article:modified_time\" content=\"2022-03-17T10:26:13+00:00\" \/>\n<meta property=\"og:image\" content=\"https:\/\/mobilitatechisinau.md\/wp-content\/uploads\/2022\/03\/ANUNT-480x275.jpg\" \/>\n<meta name=\"twitter:card\" content=\"summary_large_image\" \/>\n<script type=\"application\/ld+json\" class=\"yoast-schema-graph\">{\"@context\":\"https:\/\/schema.org\",\"@graph\":[{\"@type\":\"WebPage\",\"@id\":\"https:\/\/mobilitatechisinau.md\/?page_id=6286\",\"url\":\"https:\/\/mobilitatechisinau.md\/?page_id=6286\",\"name\":\"Angaj\u0103ri - mobilitatechisinau.md\",\"isPartOf\":{\"@id\":\"https:\/\/mobilitatechisinau.md\/#website\"},\"primaryImageOfPage\":{\"@id\":\"https:\/\/mobilitatechisinau.md\/?page_id=6286#primaryimage\"},\"image\":{\"@id\":\"https:\/\/mobilitatechisinau.md\/?page_id=6286#primaryimage\"},\"thumbnailUrl\":\"https:\/\/mobilitatechisinau.md\/wp-content\/uploads\/2022\/03\/ANUNT-480x275.jpg\",\"datePublished\":\"2022-03-17T10:24:33+00:00\",\"dateModified\":\"2022-03-17T10:26:13+00:00\",\"breadcrumb\":{\"@id\":\"https:\/\/mobilitatechisinau.md\/?page_id=6286#breadcrumb\"},\"inLanguage\":\"ro-RO\",\"potentialAction\":[{\"@type\":\"ReadAction\",\"target\":[\"https:\/\/mobilitatechisinau.md\/?page_id=6286\"]}]},{\"@type\":\"ImageObject\",\"inLanguage\":\"ro-RO\",\"@id\":\"https:\/\/mobilitatechisinau.md\/?page_id=6286#primaryimage\",\"url\":\"https:\/\/mobilitatechisinau.md\/wp-content\/uploads\/2022\/03\/ANUNT.jpg\",\"contentUrl\":\"https:\/\/mobilitatechisinau.md\/wp-content\/uploads\/2022\/03\/ANUNT.jpg\",\"width\":1220,\"height\":700},{\"@type\":\"BreadcrumbList\",\"@id\":\"https:\/\/mobilitatechisinau.md\/?page_id=6286#breadcrumb\",\"itemListElement\":[{\"@type\":\"ListItem\",\"position\":1,\"name\":\"Prima pagin\u0103\",\"item\":\"https:\/\/mobilitatechisinau.md\/\"},{\"@type\":\"ListItem\",\"position\":2,\"name\":\"Angaj\u0103ri\"}]},{\"@type\":\"WebSite\",\"@id\":\"https:\/\/mobilitatechisinau.md\/#website\",\"url\":\"https:\/\/mobilitatechisinau.md\/\",\"name\":\"mobilitatechisinau.md\",\"description\":\"Direc\u0163ia General\u0103 Mobilitate Urban\u0103\",\"publisher\":{\"@id\":\"https:\/\/mobilitatechisinau.md\/#organization\"},\"potentialAction\":[{\"@type\":\"SearchAction\",\"target\":{\"@type\":\"EntryPoint\",\"urlTemplate\":\"https:\/\/mobilitatechisinau.md\/?s={search_term_string}\"},\"query-input\":{\"@type\":\"PropertyValueSpecification\",\"valueRequired\":true,\"valueName\":\"search_term_string\"}}],\"inLanguage\":\"ro-RO\"},{\"@type\":\"Organization\",\"@id\":\"https:\/\/mobilitatechisinau.md\/#organization\",\"name\":\"Direc\u0163ia general\u0103 transport public \u015fi c\u0103i de comunica\u0163ie\",\"url\":\"https:\/\/mobilitatechisinau.md\/\",\"logo\":{\"@type\":\"ImageObject\",\"inLanguage\":\"ro-RO\",\"@id\":\"https:\/\/mobilitatechisinau.md\/#\/schema\/logo\/image\/\",\"url\":\"https:\/\/dgtpcc.md\/wp-content\/uploads\/2022\/05\/DGTPCC-Chis\u0326ina\u0306u-new.jpg\",\"contentUrl\":\"https:\/\/dgtpcc.md\/wp-content\/uploads\/2022\/05\/DGTPCC-Chis\u0326ina\u0306u-new.jpg\",\"width\":304,\"height\":80,\"caption\":\"Direc\u0163ia general\u0103 transport public \u015fi c\u0103i de comunica\u0163ie\"},\"image\":{\"@id\":\"https:\/\/mobilitatechisinau.md\/#\/schema\/logo\/image\/\"},\"sameAs\":[\"https:\/\/www.facebook.com\/DGTPCC\"]}]}<\/script>\n<!-- \/ Yoast SEO plugin. -->","yoast_head_json":{"title":"Angaj\u0103ri - mobilitatechisinau.md","robots":{"index":"index","follow":"follow","max-snippet":"max-snippet:-1","max-image-preview":"max-image-preview:large","max-video-preview":"max-video-preview:-1"},"canonical":"https:\/\/mobilitatechisinau.md\/?page_id=6286","og_locale":"ro_RO","og_type":"article","og_title":"Angaj\u0103ri - mobilitatechisinau.md","og_description":"6 ianuarie 2021 Anun\u021b privind desf\u0103\u0219urarea interviului pentru func\u021bia vacant\u0103 de specialist principal SIP Continue reading 3 decembrie 2020 Anun\u021b privind desf\u0103\u0219urarea concursurilor pentru func\u021bia de specialist principal (jurist) Continue reading 3 decembrie 2020 Anun\u021b privind desf\u0103\u0219urarea concursurilor pentru func\u021biei de specialist principal\ufffc Continue reading 12 noiembrie 2020 Anun\u021b! Candida\u021bii admi\u0219i la concurs Continue reading [&hellip;]","og_url":"https:\/\/mobilitatechisinau.md\/?page_id=6286","og_site_name":"mobilitatechisinau.md","article_publisher":"https:\/\/www.facebook.com\/DGTPCC","article_modified_time":"2022-03-17T10:26:13+00:00","og_image":[{"url":"https:\/\/mobilitatechisinau.md\/wp-content\/uploads\/2022\/03\/ANUNT-480x275.jpg"}],"twitter_card":"summary_large_image","schema":{"@context":"https:\/\/schema.org","@graph":[{"@type":"WebPage","@id":"https:\/\/mobilitatechisinau.md\/?page_id=6286","url":"https:\/\/mobilitatechisinau.md\/?page_id=6286","name":"Angaj\u0103ri - mobilitatechisinau.md","isPartOf":{"@id":"https:\/\/mobilitatechisinau.md\/#website"},"primaryImageOfPage":{"@id":"https:\/\/mobilitatechisinau.md\/?page_id=6286#primaryimage"},"image":{"@id":"https:\/\/mobilitatechisinau.md\/?page_id=6286#primaryimage"},"thumbnailUrl":"https:\/\/mobilitatechisinau.md\/wp-content\/uploads\/2022\/03\/ANUNT-480x275.jpg","datePublished":"2022-03-17T10:24:33+00:00","dateModified":"2022-03-17T10:26:13+00:00","breadcrumb":{"@id":"https:\/\/mobilitatechisinau.md\/?page_id=6286#breadcrumb"},"inLanguage":"ro-RO","potentialAction":[{"@type":"ReadAction","target":["https:\/\/mobilitatechisinau.md\/?page_id=6286"]}]},{"@type":"ImageObject","inLanguage":"ro-RO","@id":"https:\/\/mobilitatechisinau.md\/?page_id=6286#primaryimage","url":"https:\/\/mobilitatechisinau.md\/wp-content\/uploads\/2022\/03\/ANUNT.jpg","contentUrl":"https:\/\/mobilitatechisinau.md\/wp-content\/uploads\/2022\/03\/ANUNT.jpg","width":1220,"height":700},{"@type":"BreadcrumbList","@id":"https:\/\/mobilitatechisinau.md\/?page_id=6286#breadcrumb","itemListElement":[{"@type":"ListItem","position":1,"name":"Prima pagin\u0103","item":"https:\/\/mobilitatechisinau.md\/"},{"@type":"ListItem","position":2,"name":"Angaj\u0103ri"}]},{"@type":"WebSite","@id":"https:\/\/mobilitatechisinau.md\/#website","url":"https:\/\/mobilitatechisinau.md\/","name":"mobilitatechisinau.md","description":"Direc\u0163ia General\u0103 Mobilitate Urban\u0103","publisher":{"@id":"https:\/\/mobilitatechisinau.md\/#organization"},"potentialAction":[{"@type":"SearchAction","target":{"@type":"EntryPoint","urlTemplate":"https:\/\/mobilitatechisinau.md\/?s={search_term_string}"},"query-input":{"@type":"PropertyValueSpecification","valueRequired":true,"valueName":"search_term_string"}}],"inLanguage":"ro-RO"},{"@type":"Organization","@id":"https:\/\/mobilitatechisinau.md\/#organization","name":"Direc\u0163ia general\u0103 transport public \u015fi c\u0103i de comunica\u0163ie","url":"https:\/\/mobilitatechisinau.md\/","logo":{"@type":"ImageObject","inLanguage":"ro-RO","@id":"https:\/\/mobilitatechisinau.md\/#\/schema\/logo\/image\/","url":"https:\/\/dgtpcc.md\/wp-content\/uploads\/2022\/05\/DGTPCC-Chis\u0326ina\u0306u-new.jpg","contentUrl":"https:\/\/dgtpcc.md\/wp-content\/uploads\/2022\/05\/DGTPCC-Chis\u0326ina\u0306u-new.jpg","width":304,"height":80,"caption":"Direc\u0163ia general\u0103 transport public \u015fi c\u0103i de comunica\u0163ie"},"image":{"@id":"https:\/\/mobilitatechisinau.md\/#\/schema\/logo\/image\/"},"sameAs":["https:\/\/www.facebook.com\/DGTPCC"]}]}},"_links":{"self":[{"href":"https:\/\/mobilitatechisinau.md\/index.php?rest_route=\/wp\/v2\/pages\/6286","targetHints":{"allow":["GET"]}}],"collection":[{"href":"https:\/\/mobilitatechisinau.md\/index.php?rest_route=\/wp\/v2\/pages"}],"about":[{"href":"https:\/\/mobilitatechisinau.md\/index.php?rest_route=\/wp\/v2\/types\/page"}],"author":[{"embeddable":true,"href":"https:\/\/mobilitatechisinau.md\/index.php?rest_route=\/wp\/v2\/users\/1"}],"replies":[{"embeddable":true,"href":"https:\/\/mobilitatechisinau.md\/index.php?rest_route=%2Fwp%2Fv2%2Fcomments&post=6286"}],"version-history":[{"count":0,"href":"https:\/\/mobilitatechisinau.md\/index.php?rest_route=\/wp\/v2\/pages\/6286\/revisions"}],"wp:attachment":[{"href":"https:\/\/mobilitatechisinau.md\/index.php?rest_route=%2Fwp%2Fv2%2Fmedia&parent=6286"}],"curies":[{"name":"wp","href":"https:\/\/api.w.org\/{rel}","templated":true}]}}