{"id":6789,"date":"2022-03-18T12:15:11","date_gmt":"2022-03-18T10:15:11","guid":{"rendered":"https:\/\/mobilitatechisinau.md\/?page_id=6789"},"modified":"2022-03-18T13:07:55","modified_gmt":"2022-03-18T11:07:55","slug":"galerie-foto","status":"publish","type":"page","link":"https:\/\/mobilitatechisinau.md\/?page_id=6789","title":{"rendered":"Galerie Foto"},"content":{"rendered":"\t\t<div data-elementor-type=\"wp-page\" data-elementor-id=\"6789\" class=\"elementor elementor-6789\">\n\t\t\t\t\t\t<section class=\"elementor-section elementor-top-section elementor-element elementor-element-3cc9240 elementor-section-boxed elementor-section-height-default elementor-section-height-default default-style\" data-id=\"3cc9240\" data-element_type=\"section\" data-settings=\"{&quot;rt_color_sets&quot;:&quot;default-style&quot;}\">\n\t\t\t\t\t\t<div class=\"elementor-container elementor-column-gap-default\">\n\t\t\t\t\t<div class=\"elementor-column elementor-col-100 elementor-top-column elementor-element elementor-element-ae9ff9c\" data-id=\"ae9ff9c\" data-element_type=\"column\">\n\t\t\t<div class=\"elementor-widget-wrap elementor-element-populated\">\n\t\t\t\t\t\t<div class=\"elementor-element elementor-element-cc4d2b6 elementor-widget elementor-widget-rt-blog\" data-id=\"cc4d2b6\" data-element_type=\"widget\" data-widget_type=\"rt-blog.default\">\n\t\t\t\t<div class=\"elementor-widget-container\">\n\t\t\t\n<div id=\"blog-dynamicID-128351\" class=\"blog_list clearfix fixed_heights\" data-column-width=\"3\">\n<div class=\"row clearfix\">\n<article id=\"17370\" class=\"col col-sm-4 post-17370 post type-post status-publish format-gallery has-post-thumbnail hentry category-galerie-foto post_format-post-format-gallery\"><div class=\"post-content-wrapper boxed\">\n \n\n\n\n<!-- blog box-->\n\n\t\t<figure class=\"featured_image featured_media\">\n\t\t<a href=\"https:\/\/mobilitatechisinau.md\/?p=17370\" title=\"Lucr\u0103ri de repara\u021bie \u0219i \u00eentre\u021binere a infrastructurii rutiere municipale executate pe parcursul s\u0103pt\u0103m\u00e2nii trecute\" class=\"imgeffect gallery\"><img fetchpriority=\"high\" decoding=\"async\" src=\"https:\/\/mobilitatechisinau.md\/wp-content\/uploads\/2026\/04\/27-aprilie-480x280.jpg\" alt=\"\" class=\"\" width=\"480\" height=\"280\" \/><\/a>\t\t\n\t<\/figure> \n\t\n\t \n\n\t<a href=\"https:\/\/mobilitatechisinau.md\/?p=17370\" title=\"Lucr\u0103ri de repara\u021bie \u0219i \u00eentre\u021binere a infrastructurii rutiere municipale executate pe parcursul s\u0103pt\u0103m\u00e2nii trecute\" class=\"post-date\">27 aprilie 2026<\/a>\t\t\t\t\n\n\t<div class=\"entry-content text\">\n\n\t\t<!-- blog headline-->\n\t\t<h6 class=\"entry-title\"><a href=\"https:\/\/mobilitatechisinau.md\/?p=17370\" rel=\"bookmark\">Lucr\u0103ri de repara\u021bie \u0219i \u00eentre\u021binere a infrastructurii rutiere municipale executate pe parcursul s\u0103pt\u0103m\u00e2nii trecute<\/a><\/h6> \n\n\t\t\n\t\t<p><\/p>\t<\/div> \n\n\t<div class=\"entry-footer\">\n\n\t\t<a href=\"https:\/\/mobilitatechisinau.md\/?p=17370\" class=\"read_more\">Continue reading<\/a>\n\t<\/div>\n\n<!-- \/ blog box--><\/div><\/article>\n<article id=\"17305\" class=\"col col-sm-4 post-17305 post type-post status-publish format-gallery has-post-thumbnail hentry category-galerie-foto post_format-post-format-gallery\"><div class=\"post-content-wrapper boxed\">\n \n\n\n\n<!-- blog box-->\n\n\t\t<figure class=\"featured_image featured_media\">\n\t\t<a href=\"https:\/\/mobilitatechisinau.md\/?p=17305\" title=\"Lucr\u0103ri de repara\u021bie \u0219i \u00eentre\u021binere a infrastructurii rutiere municipale executate pe parcursul s\u0103pt\u0103m\u00e2nii trecute\" class=\"imgeffect gallery\"><img decoding=\"async\" src=\"https:\/\/mobilitatechisinau.md\/wp-content\/uploads\/2026\/04\/06-aprilie-1-480x280.jpg\" alt=\"\" class=\"\" width=\"480\" height=\"280\" \/><\/a>\t\t\n\t<\/figure> \n\t\n\t \n\n\t<a href=\"https:\/\/mobilitatechisinau.md\/?p=17305\" title=\"Lucr\u0103ri de repara\u021bie \u0219i \u00eentre\u021binere a infrastructurii rutiere municipale executate pe parcursul s\u0103pt\u0103m\u00e2nii trecute\" class=\"post-date\">6 aprilie 2026<\/a>\t\t\t\t\n\n\t<div class=\"entry-content text\">\n\n\t\t<!-- blog headline-->\n\t\t<h6 class=\"entry-title\"><a href=\"https:\/\/mobilitatechisinau.md\/?p=17305\" rel=\"bookmark\">Lucr\u0103ri de repara\u021bie \u0219i \u00eentre\u021binere a infrastructurii rutiere municipale executate pe parcursul s\u0103pt\u0103m\u00e2nii trecute<\/a><\/h6> \n\n\t\t\n\t\t<p><\/p>\t<\/div> \n\n\t<div class=\"entry-footer\">\n\n\t\t<a href=\"https:\/\/mobilitatechisinau.md\/?p=17305\" class=\"read_more\">Continue reading<\/a>\n\t<\/div>\n\n<!-- \/ blog box--><\/div><\/article>\n<article id=\"17257\" class=\"col col-sm-4 post-17257 post type-post status-publish format-gallery has-post-thumbnail hentry category-galerie-foto post_format-post-format-gallery\"><div class=\"post-content-wrapper boxed\">\n \n\n\n\n<!-- blog box-->\n\n\t\t<figure class=\"featured_image featured_media\">\n\t\t<a href=\"https:\/\/mobilitatechisinau.md\/?p=17257\" title=\"Lucr\u0103ri de repara\u021bie \u0219i \u00eentre\u021binere a infrastructurii rutiere municipale executate pe parcursul s\u0103pt\u0103m\u00e2nii trecute\" class=\"imgeffect gallery\"><img decoding=\"async\" src=\"https:\/\/mobilitatechisinau.md\/wp-content\/uploads\/2026\/03\/30-martie-480x280.jpg\" alt=\"\" class=\"\" width=\"480\" height=\"280\" \/><\/a>\t\t\n\t<\/figure> \n\t\n\t \n\n\t<a href=\"https:\/\/mobilitatechisinau.md\/?p=17257\" title=\"Lucr\u0103ri de repara\u021bie \u0219i \u00eentre\u021binere a infrastructurii rutiere municipale executate pe parcursul s\u0103pt\u0103m\u00e2nii trecute\" class=\"post-date\">30 martie 2026<\/a>\t\t\t\t\n\n\t<div class=\"entry-content text\">\n\n\t\t<!-- blog headline-->\n\t\t<h6 class=\"entry-title\"><a href=\"https:\/\/mobilitatechisinau.md\/?p=17257\" rel=\"bookmark\">Lucr\u0103ri de repara\u021bie \u0219i \u00eentre\u021binere a infrastructurii rutiere municipale executate pe parcursul s\u0103pt\u0103m\u00e2nii trecute<\/a><\/h6> \n\n\t\t\n\t\t<p><\/p>\t<\/div> \n\n\t<div class=\"entry-footer\">\n\n\t\t<a href=\"https:\/\/mobilitatechisinau.md\/?p=17257\" class=\"read_more\">Continue reading<\/a>\n\t<\/div>\n\n<!-- \/ blog box--><\/div><\/article>\n<\/div>\n<div class=\"row clearfix\">\n<article id=\"17232\" class=\"col col-sm-4 post-17232 post type-post status-publish format-gallery has-post-thumbnail hentry category-galerie-foto post_format-post-format-gallery\"><div class=\"post-content-wrapper boxed\">\n \n\n\n\n<!-- blog box-->\n\n\t\t<figure class=\"featured_image featured_media\">\n\t\t<a href=\"https:\/\/mobilitatechisinau.md\/?p=17232\" title=\"Lucr\u0103ri de repara\u021bie \u0219i \u00eentre\u021binere a infrastructurii rutiere municipale executate pe parcursul s\u0103pt\u0103m\u00e2nii trecute\" class=\"imgeffect gallery\"><img loading=\"lazy\" decoding=\"async\" src=\"https:\/\/mobilitatechisinau.md\/wp-content\/uploads\/2026\/03\/23-martie-480x280.jpg\" alt=\"\" class=\"\" width=\"480\" height=\"280\" \/><\/a>\t\t\n\t<\/figure> \n\t\n\t \n\n\t<a href=\"https:\/\/mobilitatechisinau.md\/?p=17232\" title=\"Lucr\u0103ri de repara\u021bie \u0219i \u00eentre\u021binere a infrastructurii rutiere municipale executate pe parcursul s\u0103pt\u0103m\u00e2nii trecute\" class=\"post-date\">23 martie 2026<\/a>\t\t\t\t\n\n\t<div class=\"entry-content text\">\n\n\t\t<!-- blog headline-->\n\t\t<h6 class=\"entry-title\"><a href=\"https:\/\/mobilitatechisinau.md\/?p=17232\" rel=\"bookmark\">Lucr\u0103ri de repara\u021bie \u0219i \u00eentre\u021binere a infrastructurii rutiere municipale executate pe parcursul s\u0103pt\u0103m\u00e2nii trecute<\/a><\/h6> \n\n\t\t\n\t\t<p><\/p>\t<\/div> \n\n\t<div class=\"entry-footer\">\n\n\t\t<a href=\"https:\/\/mobilitatechisinau.md\/?p=17232\" class=\"read_more\">Continue reading<\/a>\n\t<\/div>\n\n<!-- \/ blog box--><\/div><\/article>\n<article id=\"17190\" class=\"col col-sm-4 post-17190 post type-post status-publish format-gallery has-post-thumbnail hentry category-galerie-foto post_format-post-format-gallery\"><div class=\"post-content-wrapper boxed\">\n \n\n\n\n<!-- blog box-->\n\n\t\t<figure class=\"featured_image featured_media\">\n\t\t<a href=\"https:\/\/mobilitatechisinau.md\/?p=17190\" title=\"Modernizarea sistemului de semaforizare la intersec\u021bia str\u0103zilor Mihail Kog\u0103lniceanu \u2013 Armeneasc\u0103\" class=\"imgeffect gallery\"><img loading=\"lazy\" decoding=\"async\" src=\"https:\/\/mobilitatechisinau.md\/wp-content\/uploads\/2026\/03\/kogalniceane-480x280.jpg\" alt=\"\" class=\"\" width=\"480\" height=\"280\" \/><\/a>\t\t\n\t<\/figure> \n\t\n\t \n\n\t<a href=\"https:\/\/mobilitatechisinau.md\/?p=17190\" title=\"Modernizarea sistemului de semaforizare la intersec\u021bia str\u0103zilor Mihail Kog\u0103lniceanu \u2013 Armeneasc\u0103\" class=\"post-date\">19 martie 2026<\/a>\t\t\t\t\n\n\t<div class=\"entry-content text\">\n\n\t\t<!-- blog headline-->\n\t\t<h6 class=\"entry-title\"><a href=\"https:\/\/mobilitatechisinau.md\/?p=17190\" rel=\"bookmark\">Modernizarea sistemului de semaforizare la intersec\u021bia str\u0103zilor Mihail Kog\u0103lniceanu \u2013 Armeneasc\u0103<\/a><\/h6> \n\n\t\t\n\t\t<p><\/p>\t<\/div> \n\n\t<div class=\"entry-footer\">\n\n\t\t<a href=\"https:\/\/mobilitatechisinau.md\/?p=17190\" class=\"read_more\">Continue reading<\/a>\n\t<\/div>\n\n<!-- \/ blog box--><\/div><\/article>\n<article id=\"17201\" class=\"col col-sm-4 post-17201 post type-post status-publish format-gallery has-post-thumbnail hentry category-galerie-foto post_format-post-format-gallery\"><div class=\"post-content-wrapper boxed\">\n \n\n\n\n<!-- blog box-->\n\n\t\t<figure class=\"featured_image featured_media\">\n\t\t<a href=\"https:\/\/mobilitatechisinau.md\/?p=17201\" title=\"Lucr\u0103ri de repara\u021bie \u0219i \u00eentre\u021binere a infrastructurii rutiere municipale executate pe parcursul s\u0103pt\u0103m\u00e2nii trecute\" class=\"imgeffect gallery\"><img loading=\"lazy\" decoding=\"async\" src=\"https:\/\/mobilitatechisinau.md\/wp-content\/uploads\/2026\/03\/16-februarie-1-480x280.jpg\" alt=\"\" class=\"\" width=\"480\" height=\"280\" \/><\/a>\t\t\n\t<\/figure> \n\t\n\t \n\n\t<a href=\"https:\/\/mobilitatechisinau.md\/?p=17201\" title=\"Lucr\u0103ri de repara\u021bie \u0219i \u00eentre\u021binere a infrastructurii rutiere municipale executate pe parcursul s\u0103pt\u0103m\u00e2nii trecute\" class=\"post-date\">16 martie 2026<\/a>\t\t\t\t\n\n\t<div class=\"entry-content text\">\n\n\t\t<!-- blog headline-->\n\t\t<h6 class=\"entry-title\"><a href=\"https:\/\/mobilitatechisinau.md\/?p=17201\" rel=\"bookmark\">Lucr\u0103ri de repara\u021bie \u0219i \u00eentre\u021binere a infrastructurii rutiere municipale executate pe parcursul s\u0103pt\u0103m\u00e2nii trecute<\/a><\/h6> \n\n\t\t\n\t\t<p><\/p>\t<\/div> \n\n\t<div class=\"entry-footer\">\n\n\t\t<a href=\"https:\/\/mobilitatechisinau.md\/?p=17201\" class=\"read_more\">Continue reading<\/a>\n\t<\/div>\n\n<!-- \/ blog box--><\/div><\/article>\n<\/div>\n<\/div>\n<div class=\"paging_wrapper margin-t30 margin-b30\"><ul class='page-numbers'>\n\t<li><span aria-current=\"page\" class=\"page-numbers current\">1<\/span><\/li>\n\t<li><a class=\"page-numbers\" href=\"https:\/\/mobilitatechisinau.md\/index.php\/?paged=2&#038;rest_route=%2Fwp%2Fv2%2Fpages%2F6789\">2<\/a><\/li>\n\t<li><a class=\"page-numbers\" href=\"https:\/\/mobilitatechisinau.md\/index.php\/?paged=3&#038;rest_route=%2Fwp%2Fv2%2Fpages%2F6789\">3<\/a><\/li>\n\t<li><span class=\"page-numbers dots\">&hellip;<\/span><\/li>\n\t<li><a class=\"page-numbers\" href=\"https:\/\/mobilitatechisinau.md\/index.php\/?paged=26&#038;rest_route=%2Fwp%2Fv2%2Fpages%2F6789\">26<\/a><\/li>\n\t<li><a class=\"next page-numbers\" href=\"https:\/\/mobilitatechisinau.md\/index.php\/?paged=2&#038;rest_route=%2Fwp%2Fv2%2Fpages%2F6789\"><span class=\"ui-icon-angle-right\"><\/span><\/a><\/li>\n<\/ul>\n<\/div>\t\t<\/div>\n\t\t\t\t<\/div>\n\t\t\t\t\t<\/div>\n\t\t<\/div>\n\t\t\t\t\t<\/div>\n\t\t<\/section>\n\t\t\t\t<\/div>\n\t\t","protected":false},"excerpt":{"rendered":"<p>14 decembrie 2021 PUA \u00eembun\u0103t\u0103\u021be\u0219te condi\u021biile de munc\u0103 pentru angaja\u021bii s\u0103i \u00centreprinderea Municipal\u0103 \u201eParcul Urban de Autobuze\u201d (PUA) a trecut printr-un amplu proces de modern&#8230; Continue reading 18 noiembrie 2021 DGTPCC cere sanc\u021bionarea unui agent economic care a blocat samavolnic circula\u021bia rutier\u0103 pe o strad\u0103 din capital\u0103 Direc\u021bia General\u0103 Transport Public \u0219i C\u0103i de Comunica\u021bie [&hellip;]<\/p>\n","protected":false},"author":1,"featured_media":0,"parent":0,"menu_order":0,"comment_status":"closed","ping_status":"closed","template":"","meta":{"footnotes":""},"class_list":["post-6789","page","type-page","status-publish","hentry"],"yoast_head":"<!-- This site is optimized with the Yoast SEO plugin v23.9 - https:\/\/yoast.com\/wordpress\/plugins\/seo\/ -->\n<title>Galerie Foto - mobilitatechisinau.md<\/title>\n<meta name=\"robots\" content=\"index, follow, max-snippet:-1, max-image-preview:large, max-video-preview:-1\" \/>\n<link rel=\"canonical\" href=\"https:\/\/mobilitatechisinau.md\/?page_id=6789\" \/>\n<meta property=\"og:locale\" content=\"ro_RO\" \/>\n<meta property=\"og:type\" content=\"article\" \/>\n<meta property=\"og:title\" content=\"Galerie Foto - mobilitatechisinau.md\" \/>\n<meta property=\"og:description\" content=\"14 decembrie 2021 PUA \u00eembun\u0103t\u0103\u021be\u0219te condi\u021biile de munc\u0103 pentru angaja\u021bii s\u0103i \u00centreprinderea Municipal\u0103 \u201eParcul Urban de Autobuze\u201d (PUA) a trecut printr-un amplu proces de modern&#8230; Continue reading 18 noiembrie 2021 DGTPCC cere sanc\u021bionarea unui agent economic care a blocat samavolnic circula\u021bia rutier\u0103 pe o strad\u0103 din capital\u0103 Direc\u021bia General\u0103 Transport Public \u0219i C\u0103i de Comunica\u021bie [&hellip;]\" \/>\n<meta property=\"og:url\" content=\"https:\/\/mobilitatechisinau.md\/?page_id=6789\" \/>\n<meta property=\"og:site_name\" content=\"mobilitatechisinau.md\" \/>\n<meta property=\"article:publisher\" content=\"https:\/\/www.facebook.com\/DGTPCC\" \/>\n<meta property=\"article:modified_time\" content=\"2022-03-18T11:07:55+00:00\" \/>\n<meta property=\"og:image\" content=\"https:\/\/mobilitatechisinau.md\/wp-content\/uploads\/2022\/03\/conditii-angajati-480x275.jpg\" \/>\n<meta name=\"twitter:card\" content=\"summary_large_image\" \/>\n<meta name=\"twitter:label1\" content=\"Timp estimat pentru citire\" \/>\n\t<meta name=\"twitter:data1\" content=\"1 minut\" \/>\n<script type=\"application\/ld+json\" class=\"yoast-schema-graph\">{\"@context\":\"https:\/\/schema.org\",\"@graph\":[{\"@type\":\"WebPage\",\"@id\":\"https:\/\/mobilitatechisinau.md\/?page_id=6789\",\"url\":\"https:\/\/mobilitatechisinau.md\/?page_id=6789\",\"name\":\"Galerie Foto - mobilitatechisinau.md\",\"isPartOf\":{\"@id\":\"https:\/\/mobilitatechisinau.md\/#website\"},\"primaryImageOfPage\":{\"@id\":\"https:\/\/mobilitatechisinau.md\/?page_id=6789#primaryimage\"},\"image\":{\"@id\":\"https:\/\/mobilitatechisinau.md\/?page_id=6789#primaryimage\"},\"thumbnailUrl\":\"https:\/\/mobilitatechisinau.md\/wp-content\/uploads\/2022\/03\/conditii-angajati-480x275.jpg\",\"datePublished\":\"2022-03-18T10:15:11+00:00\",\"dateModified\":\"2022-03-18T11:07:55+00:00\",\"breadcrumb\":{\"@id\":\"https:\/\/mobilitatechisinau.md\/?page_id=6789#breadcrumb\"},\"inLanguage\":\"ro-RO\",\"potentialAction\":[{\"@type\":\"ReadAction\",\"target\":[\"https:\/\/mobilitatechisinau.md\/?page_id=6789\"]}]},{\"@type\":\"ImageObject\",\"inLanguage\":\"ro-RO\",\"@id\":\"https:\/\/mobilitatechisinau.md\/?page_id=6789#primaryimage\",\"url\":\"https:\/\/mobilitatechisinau.md\/wp-content\/uploads\/2022\/03\/conditii-angajati.jpg\",\"contentUrl\":\"https:\/\/mobilitatechisinau.md\/wp-content\/uploads\/2022\/03\/conditii-angajati.jpg\",\"width\":1220,\"height\":700},{\"@type\":\"BreadcrumbList\",\"@id\":\"https:\/\/mobilitatechisinau.md\/?page_id=6789#breadcrumb\",\"itemListElement\":[{\"@type\":\"ListItem\",\"position\":1,\"name\":\"Prima pagin\u0103\",\"item\":\"https:\/\/mobilitatechisinau.md\/\"},{\"@type\":\"ListItem\",\"position\":2,\"name\":\"Galerie Foto\"}]},{\"@type\":\"WebSite\",\"@id\":\"https:\/\/mobilitatechisinau.md\/#website\",\"url\":\"https:\/\/mobilitatechisinau.md\/\",\"name\":\"mobilitatechisinau.md\",\"description\":\"Direc\u0163ia General\u0103 Mobilitate Urban\u0103\",\"publisher\":{\"@id\":\"https:\/\/mobilitatechisinau.md\/#organization\"},\"potentialAction\":[{\"@type\":\"SearchAction\",\"target\":{\"@type\":\"EntryPoint\",\"urlTemplate\":\"https:\/\/mobilitatechisinau.md\/?s={search_term_string}\"},\"query-input\":{\"@type\":\"PropertyValueSpecification\",\"valueRequired\":true,\"valueName\":\"search_term_string\"}}],\"inLanguage\":\"ro-RO\"},{\"@type\":\"Organization\",\"@id\":\"https:\/\/mobilitatechisinau.md\/#organization\",\"name\":\"Direc\u0163ia general\u0103 transport public \u015fi c\u0103i de comunica\u0163ie\",\"url\":\"https:\/\/mobilitatechisinau.md\/\",\"logo\":{\"@type\":\"ImageObject\",\"inLanguage\":\"ro-RO\",\"@id\":\"https:\/\/mobilitatechisinau.md\/#\/schema\/logo\/image\/\",\"url\":\"https:\/\/dgtpcc.md\/wp-content\/uploads\/2022\/05\/DGTPCC-Chis\u0326ina\u0306u-new.jpg\",\"contentUrl\":\"https:\/\/dgtpcc.md\/wp-content\/uploads\/2022\/05\/DGTPCC-Chis\u0326ina\u0306u-new.jpg\",\"width\":304,\"height\":80,\"caption\":\"Direc\u0163ia general\u0103 transport public \u015fi c\u0103i de comunica\u0163ie\"},\"image\":{\"@id\":\"https:\/\/mobilitatechisinau.md\/#\/schema\/logo\/image\/\"},\"sameAs\":[\"https:\/\/www.facebook.com\/DGTPCC\"]}]}<\/script>\n<!-- \/ Yoast SEO plugin. -->","yoast_head_json":{"title":"Galerie Foto - mobilitatechisinau.md","robots":{"index":"index","follow":"follow","max-snippet":"max-snippet:-1","max-image-preview":"max-image-preview:large","max-video-preview":"max-video-preview:-1"},"canonical":"https:\/\/mobilitatechisinau.md\/?page_id=6789","og_locale":"ro_RO","og_type":"article","og_title":"Galerie Foto - mobilitatechisinau.md","og_description":"14 decembrie 2021 PUA \u00eembun\u0103t\u0103\u021be\u0219te condi\u021biile de munc\u0103 pentru angaja\u021bii s\u0103i \u00centreprinderea Municipal\u0103 \u201eParcul Urban de Autobuze\u201d (PUA) a trecut printr-un amplu proces de modern&#8230; Continue reading 18 noiembrie 2021 DGTPCC cere sanc\u021bionarea unui agent economic care a blocat samavolnic circula\u021bia rutier\u0103 pe o strad\u0103 din capital\u0103 Direc\u021bia General\u0103 Transport Public \u0219i C\u0103i de Comunica\u021bie [&hellip;]","og_url":"https:\/\/mobilitatechisinau.md\/?page_id=6789","og_site_name":"mobilitatechisinau.md","article_publisher":"https:\/\/www.facebook.com\/DGTPCC","article_modified_time":"2022-03-18T11:07:55+00:00","og_image":[{"url":"https:\/\/mobilitatechisinau.md\/wp-content\/uploads\/2022\/03\/conditii-angajati-480x275.jpg"}],"twitter_card":"summary_large_image","twitter_misc":{"Timp estimat pentru citire":"1 minut"},"schema":{"@context":"https:\/\/schema.org","@graph":[{"@type":"WebPage","@id":"https:\/\/mobilitatechisinau.md\/?page_id=6789","url":"https:\/\/mobilitatechisinau.md\/?page_id=6789","name":"Galerie Foto - mobilitatechisinau.md","isPartOf":{"@id":"https:\/\/mobilitatechisinau.md\/#website"},"primaryImageOfPage":{"@id":"https:\/\/mobilitatechisinau.md\/?page_id=6789#primaryimage"},"image":{"@id":"https:\/\/mobilitatechisinau.md\/?page_id=6789#primaryimage"},"thumbnailUrl":"https:\/\/mobilitatechisinau.md\/wp-content\/uploads\/2022\/03\/conditii-angajati-480x275.jpg","datePublished":"2022-03-18T10:15:11+00:00","dateModified":"2022-03-18T11:07:55+00:00","breadcrumb":{"@id":"https:\/\/mobilitatechisinau.md\/?page_id=6789#breadcrumb"},"inLanguage":"ro-RO","potentialAction":[{"@type":"ReadAction","target":["https:\/\/mobilitatechisinau.md\/?page_id=6789"]}]},{"@type":"ImageObject","inLanguage":"ro-RO","@id":"https:\/\/mobilitatechisinau.md\/?page_id=6789#primaryimage","url":"https:\/\/mobilitatechisinau.md\/wp-content\/uploads\/2022\/03\/conditii-angajati.jpg","contentUrl":"https:\/\/mobilitatechisinau.md\/wp-content\/uploads\/2022\/03\/conditii-angajati.jpg","width":1220,"height":700},{"@type":"BreadcrumbList","@id":"https:\/\/mobilitatechisinau.md\/?page_id=6789#breadcrumb","itemListElement":[{"@type":"ListItem","position":1,"name":"Prima pagin\u0103","item":"https:\/\/mobilitatechisinau.md\/"},{"@type":"ListItem","position":2,"name":"Galerie Foto"}]},{"@type":"WebSite","@id":"https:\/\/mobilitatechisinau.md\/#website","url":"https:\/\/mobilitatechisinau.md\/","name":"mobilitatechisinau.md","description":"Direc\u0163ia General\u0103 Mobilitate Urban\u0103","publisher":{"@id":"https:\/\/mobilitatechisinau.md\/#organization"},"potentialAction":[{"@type":"SearchAction","target":{"@type":"EntryPoint","urlTemplate":"https:\/\/mobilitatechisinau.md\/?s={search_term_string}"},"query-input":{"@type":"PropertyValueSpecification","valueRequired":true,"valueName":"search_term_string"}}],"inLanguage":"ro-RO"},{"@type":"Organization","@id":"https:\/\/mobilitatechisinau.md\/#organization","name":"Direc\u0163ia general\u0103 transport public \u015fi c\u0103i de comunica\u0163ie","url":"https:\/\/mobilitatechisinau.md\/","logo":{"@type":"ImageObject","inLanguage":"ro-RO","@id":"https:\/\/mobilitatechisinau.md\/#\/schema\/logo\/image\/","url":"https:\/\/dgtpcc.md\/wp-content\/uploads\/2022\/05\/DGTPCC-Chis\u0326ina\u0306u-new.jpg","contentUrl":"https:\/\/dgtpcc.md\/wp-content\/uploads\/2022\/05\/DGTPCC-Chis\u0326ina\u0306u-new.jpg","width":304,"height":80,"caption":"Direc\u0163ia general\u0103 transport public \u015fi c\u0103i de comunica\u0163ie"},"image":{"@id":"https:\/\/mobilitatechisinau.md\/#\/schema\/logo\/image\/"},"sameAs":["https:\/\/www.facebook.com\/DGTPCC"]}]}},"_links":{"self":[{"href":"https:\/\/mobilitatechisinau.md\/index.php?rest_route=\/wp\/v2\/pages\/6789","targetHints":{"allow":["GET"]}}],"collection":[{"href":"https:\/\/mobilitatechisinau.md\/index.php?rest_route=\/wp\/v2\/pages"}],"about":[{"href":"https:\/\/mobilitatechisinau.md\/index.php?rest_route=\/wp\/v2\/types\/page"}],"author":[{"embeddable":true,"href":"https:\/\/mobilitatechisinau.md\/index.php?rest_route=\/wp\/v2\/users\/1"}],"replies":[{"embeddable":true,"href":"https:\/\/mobilitatechisinau.md\/index.php?rest_route=%2Fwp%2Fv2%2Fcomments&post=6789"}],"version-history":[{"count":0,"href":"https:\/\/mobilitatechisinau.md\/index.php?rest_route=\/wp\/v2\/pages\/6789\/revisions"}],"wp:attachment":[{"href":"https:\/\/mobilitatechisinau.md\/index.php?rest_route=%2Fwp%2Fv2%2Fmedia&parent=6789"}],"curies":[{"name":"wp","href":"https:\/\/api.w.org\/{rel}","templated":true}]}}