{"id":6794,"date":"2022-03-18T12:15:35","date_gmt":"2022-03-18T10:15:35","guid":{"rendered":"https:\/\/mobilitatechisinau.md\/?page_id=6794"},"modified":"2022-06-06T07:59:24","modified_gmt":"2022-06-06T05:59:24","slug":"galerie-video","status":"publish","type":"page","link":"https:\/\/mobilitatechisinau.md\/?page_id=6794","title":{"rendered":"Galerie Video"},"content":{"rendered":"\t\t<div data-elementor-type=\"wp-page\" data-elementor-id=\"6794\" class=\"elementor elementor-6794\">\n\t\t\t\t\t\t<section class=\"elementor-section elementor-top-section elementor-element elementor-element-1cf0f8d elementor-section-boxed elementor-section-height-default elementor-section-height-default default-style\" data-id=\"1cf0f8d\" data-element_type=\"section\" data-settings=\"{&quot;rt_color_sets&quot;:&quot;default-style&quot;}\">\n\t\t\t\t\t\t<div class=\"elementor-container elementor-column-gap-default\">\n\t\t\t\t\t<div class=\"elementor-column elementor-col-100 elementor-top-column elementor-element elementor-element-2f6e42f\" data-id=\"2f6e42f\" data-element_type=\"column\">\n\t\t\t<div class=\"elementor-widget-wrap elementor-element-populated\">\n\t\t\t\t\t\t<div class=\"elementor-element elementor-element-8772f31 elementor-widget elementor-widget-rt-blog\" data-id=\"8772f31\" data-element_type=\"widget\" data-widget_type=\"rt-blog.default\">\n\t\t\t\t<div class=\"elementor-widget-container\">\n\t\t\t\n<div id=\"blog-dynamicID-493921\" class=\"blog_list clearfix fixed_heights\" data-column-width=\"3\">\n<div class=\"row clearfix\">\n<article id=\"16437\" class=\"col col-sm-4 post-16437 post type-post status-publish format-gallery has-post-thumbnail hentry category-galerie-video post_format-post-format-gallery\"><div class=\"post-content-wrapper boxed\">\n \n\n\n\n<!-- blog box-->\n\n\t\t<figure class=\"featured_image featured_media\">\n\t\t<a href=\"https:\/\/mobilitatechisinau.md\/?p=16437\" title=\"Lucr\u0103ri de repara\u021bie \u0219i \u00eentre\u021binere a infrastructurii rutiere municipale executate pe parcursul s\u0103pt\u0103m\u00e2nii trecute\" class=\"imgeffect gallery\"><img fetchpriority=\"high\" decoding=\"async\" src=\"https:\/\/mobilitatechisinau.md\/wp-content\/uploads\/2025\/11\/24-noiembrie-480x280.jpg\" alt=\"\" class=\"\" width=\"480\" height=\"280\" \/><\/a>\t\t\n\t<\/figure> \n\t\n\t \n\n\t\t\t\t\t\n\n\t<div class=\"entry-content text\">\n\n\t\t<!-- blog headline-->\n\t\t<h5 class=\"entry-title\"><a href=\"https:\/\/mobilitatechisinau.md\/?p=16437\" rel=\"bookmark\">Lucr\u0103ri de repara\u021bie \u0219i \u00eentre\u021binere a infrastructurii rutiere municipale executate pe parcursul s\u0103pt\u0103m\u00e2nii trecute<\/a><\/h5> \n\n\t\t\n\t\t<p><\/p>\t<\/div> \n\n\t<div class=\"entry-footer\">\n\n\t\t<a href=\"https:\/\/mobilitatechisinau.md\/?p=16437\" class=\"read_more\">Continue reading<\/a>\n\t<\/div>\n\n<!-- \/ blog box--><\/div><\/article>\n<article id=\"14153\" class=\"col col-sm-4 post-14153 post type-post status-publish format-video hentry category-galerie-video post_format-post-format-video\"><div class=\"post-content-wrapper boxed\">\n \n\n<!-- blog box-->\n\t\n\t\t<div class=\"featured_video featured_media\">\n\t\t<div class=\"video-container embed-responsive embed-responsive-16by9\"><iframe class=\"embed-responsive-item\" src=\"\/\/www.youtube.com\/embed\/wdcpwFKcxC8?rel=0&amp;showinfo=0\" allowfullscreen><\/iframe><\/div>\t<\/div> \t\t\n\t\n\t<!-- blog box-->\n\t\t\t\t\t\n\n\t<div class=\"entry-content text\">\n\n\t\t<!-- blog headline-->\n\t\t<h5 class=\"entry-title\"><a href=\"https:\/\/mobilitatechisinau.md\/?p=14153\" rel=\"bookmark\">Strada Tighina a intrat \u00een repara\u021bie\u200b\u200b<\/a><\/h5> \n\n\t\t\n\t\t<p><\/p>\t<\/div> \n\n\t<div class=\"entry-footer\">\n\n\t\t<a href=\"https:\/\/mobilitatechisinau.md\/?p=14153\" class=\"read_more\">Continue reading<\/a>\n\t<\/div>\n\n<!-- \/ blog box-->\n<\/div><\/article>\n<article id=\"14151\" class=\"col col-sm-4 post-14151 post type-post status-publish format-video hentry category-galerie-video post_format-post-format-video\"><div class=\"post-content-wrapper boxed\">\n \n\n<!-- blog box-->\n\t\n\t\t<div class=\"featured_video featured_media\">\n\t\t<div class=\"video-container embed-responsive embed-responsive-16by9\"><iframe class=\"embed-responsive-item\" src=\"\/\/www.youtube.com\/embed\/4CuuEQ_jUnw?rel=0&amp;showinfo=0\" allowfullscreen><\/iframe><\/div>\t<\/div> \t\t\n\t\n\t<!-- blog box-->\n\t\t\t\t\t\n\n\t<div class=\"entry-content text\">\n\n\t\t<!-- blog headline-->\n\t\t<h5 class=\"entry-title\"><a href=\"https:\/\/mobilitatechisinau.md\/?p=14151\" rel=\"bookmark\">Repara\u021bia str\u0103zii Alexandru cel Bun\u200b<\/a><\/h5> \n\n\t\t\n\t\t<p><\/p>\t<\/div> \n\n\t<div class=\"entry-footer\">\n\n\t\t<a href=\"https:\/\/mobilitatechisinau.md\/?p=14151\" class=\"read_more\">Continue reading<\/a>\n\t<\/div>\n\n<!-- \/ blog box-->\n<\/div><\/article>\n<\/div>\n<div class=\"row clearfix\">\n<article id=\"14149\" class=\"col col-sm-4 post-14149 post type-post status-publish format-video hentry category-galerie-video post_format-post-format-video\"><div class=\"post-content-wrapper boxed\">\n \n\n<!-- blog box-->\n\t\n\t\t<div class=\"featured_video featured_media\">\n\t\t<div class=\"video-container embed-responsive embed-responsive-16by9\"><iframe class=\"embed-responsive-item\" src=\"\/\/www.youtube.com\/embed\/q3cHvDgQovQ?rel=0&amp;showinfo=0\" allowfullscreen><\/iframe><\/div>\t<\/div> \t\t\n\t\n\t<!-- blog box-->\n\t\t\t\t\t\n\n\t<div class=\"entry-content text\">\n\n\t\t<!-- blog headline-->\n\t\t<h5 class=\"entry-title\"><a href=\"https:\/\/mobilitatechisinau.md\/?p=14149\" rel=\"bookmark\">Bulevardul Rena\u0219terii Na\u021bionale dup\u0103 lucr\u0103rile de reabilitare a carosabilului\u200b<\/a><\/h5> \n\n\t\t\n\t\t<p><\/p>\t<\/div> \n\n\t<div class=\"entry-footer\">\n\n\t\t<a href=\"https:\/\/mobilitatechisinau.md\/?p=14149\" class=\"read_more\">Continue reading<\/a>\n\t<\/div>\n\n<!-- \/ blog box-->\n<\/div><\/article>\n<article id=\"14147\" class=\"col col-sm-4 post-14147 post type-post status-publish format-video hentry category-galerie-video post_format-post-format-video\"><div class=\"post-content-wrapper boxed\">\n \n\n<!-- blog box-->\n\t\n\t\t<div class=\"featured_video featured_media\">\n\t\t<div style=\"width: 1220px;\" class=\"wp-video\"><video class=\"wp-video-shortcode\" id=\"video-14147-1\" width=\"1220\" height=\"360\" preload=\"metadata\" controls=\"controls\"><source type=\"video\/mp4\" src=\"https:\/\/mobilitatechisinau.md\/wp-content\/uploads\/2023\/03\/31_august.mp4?_=1\" \/><a href=\"https:\/\/mobilitatechisinau.md\/wp-content\/uploads\/2023\/03\/31_august.mp4\">https:\/\/mobilitatechisinau.md\/wp-content\/uploads\/2023\/03\/31_august.mp4<\/a><\/video><\/div>\t<\/div> \t\t\n\t\n\t<!-- blog box-->\n\t\t\t\t\t\n\n\t<div class=\"entry-content text\">\n\n\t\t<!-- blog headline-->\n\t\t<h5 class=\"entry-title\"><a href=\"https:\/\/mobilitatechisinau.md\/?p=14147\" rel=\"bookmark\">Repara\u021bia capital\u0103 a str\u0103zi 31 August 1989<\/a><\/h5> \n\n\t\t\n\t\t<p><\/p>\t<\/div> \n\n\t<div class=\"entry-footer\">\n\n\t\t<a href=\"https:\/\/mobilitatechisinau.md\/?p=14147\" class=\"read_more\">Continue reading<\/a>\n\t<\/div>\n\n<!-- \/ blog box-->\n<\/div><\/article>\n<article id=\"11026\" class=\"col col-sm-4 post-11026 post type-post status-publish format-gallery has-post-thumbnail hentry category-galerie-video post_format-post-format-gallery\"><div class=\"post-content-wrapper boxed\">\n \n\n\n\n<!-- blog box-->\n\n\t\t<figure class=\"featured_image featured_media\">\n\t\t<a href=\"https:\/\/mobilitatechisinau.md\/?p=11026\" title=\"Lucr\u0103ri de repara\u021bie \u0219i \u00eentre\u021binere a infrastructurii rutiere din mun. Chi\u015fin\u0103u, executate pe parcursul s\u0103pt\u0103m\u00e2nii trecute\" class=\"imgeffect gallery\"><img decoding=\"async\" src=\"https:\/\/mobilitatechisinau.md\/wp-content\/uploads\/2024\/05\/drumuri-480x280.jpg\" alt=\"\" class=\"\" width=\"480\" height=\"280\" \/><\/a>\t\t\n\t<\/figure> \n\t\n\t \n\n\t\t\t\t\t\n\n\t<div class=\"entry-content text\">\n\n\t\t<!-- blog headline-->\n\t\t<h5 class=\"entry-title\"><a href=\"https:\/\/mobilitatechisinau.md\/?p=11026\" rel=\"bookmark\">Lucr\u0103ri de repara\u021bie \u0219i \u00eentre\u021binere a infrastructurii rutiere din mun. Chi\u015fin\u0103u, executate pe parcursul s\u0103pt\u0103m\u00e2nii trecute<\/a><\/h5> \n\n\t\t\n\t\t<p><\/p>\t<\/div> \n\n\t<div class=\"entry-footer\">\n\n\t\t<a href=\"https:\/\/mobilitatechisinau.md\/?p=11026\" class=\"read_more\">Continue reading<\/a>\n\t<\/div>\n\n<!-- \/ blog box--><\/div><\/article>\n<\/div>\n<div class=\"row clearfix\">\n<article id=\"9906\" class=\"col col-sm-4 post-9906 post type-post status-publish format-video hentry category-comunicate category-galerie-video post_format-post-format-video\"><div class=\"post-content-wrapper boxed\">\n \n\n<!-- blog box-->\n\t\n\t\t<div class=\"featured_video featured_media\">\n\t\t<div style=\"width: 1220px;\" class=\"wp-video\"><video class=\"wp-video-shortcode\" id=\"video-9906-2\" width=\"1220\" height=\"360\" preload=\"metadata\" controls=\"controls\"><source type=\"video\/mp4\" src=\"https:\/\/mobilitatechisinau.md\/wp-content\/uploads\/2024\/01\/video.mp4?_=2\" \/><a href=\"https:\/\/mobilitatechisinau.md\/wp-content\/uploads\/2024\/01\/video.mp4\">https:\/\/mobilitatechisinau.md\/wp-content\/uploads\/2024\/01\/video.mp4<\/a><\/video><\/div>\t<\/div> \t\t\n\t\n\t<!-- blog box-->\n\t\t\t\t\t\n\n\t<div class=\"entry-content text\">\n\n\t\t<!-- blog headline-->\n\t\t<h5 class=\"entry-title\"><a href=\"https:\/\/mobilitatechisinau.md\/?p=9906\" rel=\"bookmark\">Arterele principale din ora\u0219 \u0219i suburbii au fost deblocate, circula\u021bia transportului fiind asigurat\u0103 \u00een condi\u021bii de iarn\u0103<\/a><\/h5> \n\n\t\t\n\t\t<p>\u00cen pofida volumului impun\u0103tor de precipita\u021bii c\u0103zute pe teritoriul municipiului Chi\u0219in\u0103u, la ora act...<\/p>\t<\/div> \n\n\t<div class=\"entry-footer\">\n\n\t\t<a href=\"https:\/\/mobilitatechisinau.md\/?p=9906\" class=\"read_more\">Continue reading<\/a>\n\t<\/div>\n\n<!-- \/ blog box-->\n<\/div><\/article>\n<article id=\"9374\" class=\"col col-sm-4 post-9374 post type-post status-publish format-video hentry category-comunicate category-galerie-video post_format-post-format-video\"><div class=\"post-content-wrapper boxed\">\n \n\n<!-- blog box-->\n\t\n\t\t<div class=\"featured_video featured_media\">\n\t\t<div style=\"width: 1220px;\" class=\"wp-video\"><video class=\"wp-video-shortcode\" id=\"video-9374-3\" width=\"1220\" height=\"360\" preload=\"metadata\" controls=\"controls\"><source type=\"video\/mp4\" src=\"https:\/\/mobilitatechisinau.md\/wp-content\/uploads\/2023\/07\/studiu.mp4?_=3\" \/><a href=\"https:\/\/mobilitatechisinau.md\/wp-content\/uploads\/2023\/07\/studiu.mp4\">https:\/\/mobilitatechisinau.md\/wp-content\/uploads\/2023\/07\/studiu.mp4<\/a><\/video><\/div>\t<\/div> \t\t\n\t\n\t<!-- blog box-->\n\t\t\t\t\t\n\n\t<div class=\"entry-content text\">\n\n\t\t<!-- blog headline-->\n\t\t<h5 class=\"entry-title\"><a href=\"https:\/\/mobilitatechisinau.md\/?p=9374\" rel=\"bookmark\">Prim\u0103ria municipiului Chi\u0219in\u0103u \u0219i Direc\u021bia General\u0103 Mobilitate Urban\u0103 (DGMU) depun maxim efort \u00een vederea dezvolt\u0103rii sistemului de administrare a patrimoniului rutier al Capitalei<\/a><\/h5> \n\n\t\t\n\t\t<p>Prim\u0103ria municipiului Chi\u0219in\u0103u \u0219i Direc\u021bia General\u0103 Mobilitate Urban\u0103 (DGMU) depun maxim efort \u00een ve...<\/p>\t<\/div> \n\n\t<div class=\"entry-footer\">\n\n\t\t<a href=\"https:\/\/mobilitatechisinau.md\/?p=9374\" class=\"read_more\">Continue reading<\/a>\n\t<\/div>\n\n<!-- \/ blog box-->\n<\/div><\/article>\n<article id=\"8908\" class=\"col col-sm-4 post-8908 post type-post status-publish format-video hentry category-comunicate category-finantare_ext category-galerie-video post_format-post-format-video\"><div class=\"post-content-wrapper boxed\">\n \n\n<!-- blog box-->\n\t\n\t\t<div class=\"featured_video featured_media\">\n\t\t<div style=\"width: 1220px;\" class=\"wp-video\"><video class=\"wp-video-shortcode\" id=\"video-8908-4\" width=\"1220\" height=\"360\" preload=\"metadata\" controls=\"controls\"><source type=\"video\/mp4\" src=\"https:\/\/mobilitatechisinau.md\/wp-content\/uploads\/2023\/03\/31_august.mp4?_=4\" \/><a href=\"https:\/\/mobilitatechisinau.md\/wp-content\/uploads\/2023\/03\/31_august.mp4\">https:\/\/mobilitatechisinau.md\/wp-content\/uploads\/2023\/03\/31_august.mp4<\/a><\/video><\/div>\t<\/div> \t\t\n\t\n\t<!-- blog box-->\n\t\t\t\t\t\n\n\t<div class=\"entry-content text\">\n\n\t\t<!-- blog headline-->\n\t\t<h5 class=\"entry-title\"><a href=\"https:\/\/mobilitatechisinau.md\/?p=8908\" rel=\"bookmark\">Repara\u021bia capital\u0103 a str\u0103zi 31 August 1989 continu\u0103<\/a><\/h5> \n\n\t\t\n\t\t<p>Strada 31 August 1989 a intrat \u00een repara\u021bie capital\u0103 la \u00eenceputul lunii aprilie 2022. Conform contra...<\/p>\t<\/div> \n\n\t<div class=\"entry-footer\">\n\n\t\t<a href=\"https:\/\/mobilitatechisinau.md\/?p=8908\" class=\"read_more\">Continue reading<\/a>\n\t<\/div>\n\n<!-- \/ blog box-->\n<\/div><\/article>\n<\/div>\n<div class=\"row clearfix\">\n<article id=\"8735\" class=\"col col-sm-4 post-8735 post type-post status-publish format-video hentry category-comunicate category-galerie-video post_format-post-format-video\"><div class=\"post-content-wrapper boxed\">\n \n\n<!-- blog box-->\n\t\n\t\t<div class=\"featured_video featured_media\">\n\t\t<div style=\"width: 1220px;\" class=\"wp-video\"><video class=\"wp-video-shortcode\" id=\"video-8735-5\" width=\"1220\" height=\"360\" preload=\"metadata\" controls=\"controls\"><source type=\"video\/mp4\" src=\"https:\/\/mobilitatechisinau.md\/wp-content\/uploads\/2023\/01\/impreuna.mp4?_=5\" \/><a href=\"https:\/\/mobilitatechisinau.md\/wp-content\/uploads\/2023\/01\/impreuna.mp4\">https:\/\/mobilitatechisinau.md\/wp-content\/uploads\/2023\/01\/impreuna.mp4<\/a><\/video><\/div>\t<\/div> \t\t\n\t\n\t<!-- blog box-->\n\t\t\t\t\t\n\n\t<div class=\"entry-content text\">\n\n\t\t<!-- blog headline-->\n\t\t<h5 class=\"entry-title\"><a href=\"https:\/\/mobilitatechisinau.md\/?p=8735\" rel=\"bookmark\">\u00cempreun\u0103 pentru Pace! \u021aar\u0103 mic\u0103 cu inim\u0103 mare!<\/a><\/h5> \n\n\t\t\n\t\t<p><\/p>\t<\/div> \n\n\t<div class=\"entry-footer\">\n\n\t\t<a href=\"https:\/\/mobilitatechisinau.md\/?p=8735\" class=\"read_more\">Continue reading<\/a>\n\t<\/div>\n\n<!-- \/ blog box-->\n<\/div><\/article>\n<\/div>\n<\/div>\n<div class=\"paging_wrapper margin-t30 margin-b30\"><ul class='page-numbers'>\n\t<li><span aria-current=\"page\" class=\"page-numbers current\">1<\/span><\/li>\n\t<li><a class=\"page-numbers\" href=\"https:\/\/mobilitatechisinau.md\/index.php\/?paged=2&#038;rest_route=%2Fwp%2Fv2%2Fpages%2F6794\">2<\/a><\/li>\n\t<li><a class=\"next page-numbers\" href=\"https:\/\/mobilitatechisinau.md\/index.php\/?paged=2&#038;rest_route=%2Fwp%2Fv2%2Fpages%2F6794\"><span class=\"ui-icon-angle-right\"><\/span><\/a><\/li>\n<\/ul>\n<\/div>\t\t<\/div>\n\t\t\t\t<\/div>\n\t\t\t\t\t<\/div>\n\t\t<\/div>\n\t\t\t\t\t<\/div>\n\t\t<\/section>\n\t\t\t\t<\/div>\n\t\t","protected":false},"excerpt":{"rendered":"<p>Prezentarea public\u0103 a proiectului \u201eExtinderea bd. Mircea cel B\u0103tr\u00e2n, cu prelungirea liniei de troleibuze p\u00e2n\u0103 la str. Bucovinei\u201d\u200b Continue reading Repara\u021bia str\u0103zii Alexandru cel Bun\u200b Conform contractului, lucr\u0103rile urmeaz\u0103 a fi realizate timp de 18 luni \u0219i prev\u0103d reabilitarea str\u0103zi&#8230; Continue reading Strada Tighina a intrat \u00een repara\u021bie\u200b Au \u00eenceput lucr\u0103rile de repara\u021bie a str\u0103zii [&hellip;]<\/p>\n","protected":false},"author":1,"featured_media":0,"parent":0,"menu_order":0,"comment_status":"closed","ping_status":"closed","template":"","meta":{"footnotes":""},"class_list":["post-6794","page","type-page","status-publish","hentry"],"yoast_head":"<!-- This site is optimized with the Yoast SEO plugin v23.9 - https:\/\/yoast.com\/wordpress\/plugins\/seo\/ -->\n<title>Galerie Video - mobilitatechisinau.md<\/title>\n<meta name=\"robots\" content=\"index, follow, max-snippet:-1, max-image-preview:large, max-video-preview:-1\" \/>\n<link rel=\"canonical\" href=\"https:\/\/mobilitatechisinau.md\/?page_id=6794\" \/>\n<meta property=\"og:locale\" content=\"ro_RO\" \/>\n<meta property=\"og:type\" content=\"article\" \/>\n<meta property=\"og:title\" content=\"Galerie Video - mobilitatechisinau.md\" \/>\n<meta property=\"og:description\" content=\"Prezentarea public\u0103 a proiectului \u201eExtinderea bd. Mircea cel B\u0103tr\u00e2n, cu prelungirea liniei de troleibuze p\u00e2n\u0103 la str. Bucovinei\u201d\u200b Continue reading Repara\u021bia str\u0103zii Alexandru cel Bun\u200b Conform contractului, lucr\u0103rile urmeaz\u0103 a fi realizate timp de 18 luni \u0219i prev\u0103d reabilitarea str\u0103zi&#8230; Continue reading Strada Tighina a intrat \u00een repara\u021bie\u200b Au \u00eenceput lucr\u0103rile de repara\u021bie a str\u0103zii [&hellip;]\" \/>\n<meta property=\"og:url\" content=\"https:\/\/mobilitatechisinau.md\/?page_id=6794\" \/>\n<meta property=\"og:site_name\" content=\"mobilitatechisinau.md\" \/>\n<meta property=\"article:publisher\" content=\"https:\/\/www.facebook.com\/DGTPCC\" \/>\n<meta property=\"article:modified_time\" content=\"2022-06-06T05:59:24+00:00\" \/>\n<meta name=\"twitter:card\" content=\"summary_large_image\" \/>\n<meta name=\"twitter:label1\" content=\"Timp estimat pentru citire\" \/>\n\t<meta name=\"twitter:data1\" content=\"1 minut\" \/>\n<script type=\"application\/ld+json\" class=\"yoast-schema-graph\">{\"@context\":\"https:\/\/schema.org\",\"@graph\":[{\"@type\":\"WebPage\",\"@id\":\"https:\/\/mobilitatechisinau.md\/?page_id=6794\",\"url\":\"https:\/\/mobilitatechisinau.md\/?page_id=6794\",\"name\":\"Galerie Video - mobilitatechisinau.md\",\"isPartOf\":{\"@id\":\"https:\/\/mobilitatechisinau.md\/#website\"},\"datePublished\":\"2022-03-18T10:15:35+00:00\",\"dateModified\":\"2022-06-06T05:59:24+00:00\",\"breadcrumb\":{\"@id\":\"https:\/\/mobilitatechisinau.md\/?page_id=6794#breadcrumb\"},\"inLanguage\":\"ro-RO\",\"potentialAction\":[{\"@type\":\"ReadAction\",\"target\":[\"https:\/\/mobilitatechisinau.md\/?page_id=6794\"]}]},{\"@type\":\"BreadcrumbList\",\"@id\":\"https:\/\/mobilitatechisinau.md\/?page_id=6794#breadcrumb\",\"itemListElement\":[{\"@type\":\"ListItem\",\"position\":1,\"name\":\"Prima pagin\u0103\",\"item\":\"https:\/\/mobilitatechisinau.md\/\"},{\"@type\":\"ListItem\",\"position\":2,\"name\":\"Galerie Video\"}]},{\"@type\":\"WebSite\",\"@id\":\"https:\/\/mobilitatechisinau.md\/#website\",\"url\":\"https:\/\/mobilitatechisinau.md\/\",\"name\":\"mobilitatechisinau.md\",\"description\":\"Direc\u0163ia General\u0103 Mobilitate Urban\u0103\",\"publisher\":{\"@id\":\"https:\/\/mobilitatechisinau.md\/#organization\"},\"potentialAction\":[{\"@type\":\"SearchAction\",\"target\":{\"@type\":\"EntryPoint\",\"urlTemplate\":\"https:\/\/mobilitatechisinau.md\/?s={search_term_string}\"},\"query-input\":{\"@type\":\"PropertyValueSpecification\",\"valueRequired\":true,\"valueName\":\"search_term_string\"}}],\"inLanguage\":\"ro-RO\"},{\"@type\":\"Organization\",\"@id\":\"https:\/\/mobilitatechisinau.md\/#organization\",\"name\":\"Direc\u0163ia general\u0103 transport public \u015fi c\u0103i de comunica\u0163ie\",\"url\":\"https:\/\/mobilitatechisinau.md\/\",\"logo\":{\"@type\":\"ImageObject\",\"inLanguage\":\"ro-RO\",\"@id\":\"https:\/\/mobilitatechisinau.md\/#\/schema\/logo\/image\/\",\"url\":\"https:\/\/dgtpcc.md\/wp-content\/uploads\/2022\/05\/DGTPCC-Chis\u0326ina\u0306u-new.jpg\",\"contentUrl\":\"https:\/\/dgtpcc.md\/wp-content\/uploads\/2022\/05\/DGTPCC-Chis\u0326ina\u0306u-new.jpg\",\"width\":304,\"height\":80,\"caption\":\"Direc\u0163ia general\u0103 transport public \u015fi c\u0103i de comunica\u0163ie\"},\"image\":{\"@id\":\"https:\/\/mobilitatechisinau.md\/#\/schema\/logo\/image\/\"},\"sameAs\":[\"https:\/\/www.facebook.com\/DGTPCC\"]}]}<\/script>\n<!-- \/ Yoast SEO plugin. -->","yoast_head_json":{"title":"Galerie Video - mobilitatechisinau.md","robots":{"index":"index","follow":"follow","max-snippet":"max-snippet:-1","max-image-preview":"max-image-preview:large","max-video-preview":"max-video-preview:-1"},"canonical":"https:\/\/mobilitatechisinau.md\/?page_id=6794","og_locale":"ro_RO","og_type":"article","og_title":"Galerie Video - mobilitatechisinau.md","og_description":"Prezentarea public\u0103 a proiectului \u201eExtinderea bd. Mircea cel B\u0103tr\u00e2n, cu prelungirea liniei de troleibuze p\u00e2n\u0103 la str. Bucovinei\u201d\u200b Continue reading Repara\u021bia str\u0103zii Alexandru cel Bun\u200b Conform contractului, lucr\u0103rile urmeaz\u0103 a fi realizate timp de 18 luni \u0219i prev\u0103d reabilitarea str\u0103zi&#8230; Continue reading Strada Tighina a intrat \u00een repara\u021bie\u200b Au \u00eenceput lucr\u0103rile de repara\u021bie a str\u0103zii [&hellip;]","og_url":"https:\/\/mobilitatechisinau.md\/?page_id=6794","og_site_name":"mobilitatechisinau.md","article_publisher":"https:\/\/www.facebook.com\/DGTPCC","article_modified_time":"2022-06-06T05:59:24+00:00","twitter_card":"summary_large_image","twitter_misc":{"Timp estimat pentru citire":"1 minut"},"schema":{"@context":"https:\/\/schema.org","@graph":[{"@type":"WebPage","@id":"https:\/\/mobilitatechisinau.md\/?page_id=6794","url":"https:\/\/mobilitatechisinau.md\/?page_id=6794","name":"Galerie Video - mobilitatechisinau.md","isPartOf":{"@id":"https:\/\/mobilitatechisinau.md\/#website"},"datePublished":"2022-03-18T10:15:35+00:00","dateModified":"2022-06-06T05:59:24+00:00","breadcrumb":{"@id":"https:\/\/mobilitatechisinau.md\/?page_id=6794#breadcrumb"},"inLanguage":"ro-RO","potentialAction":[{"@type":"ReadAction","target":["https:\/\/mobilitatechisinau.md\/?page_id=6794"]}]},{"@type":"BreadcrumbList","@id":"https:\/\/mobilitatechisinau.md\/?page_id=6794#breadcrumb","itemListElement":[{"@type":"ListItem","position":1,"name":"Prima pagin\u0103","item":"https:\/\/mobilitatechisinau.md\/"},{"@type":"ListItem","position":2,"name":"Galerie Video"}]},{"@type":"WebSite","@id":"https:\/\/mobilitatechisinau.md\/#website","url":"https:\/\/mobilitatechisinau.md\/","name":"mobilitatechisinau.md","description":"Direc\u0163ia General\u0103 Mobilitate Urban\u0103","publisher":{"@id":"https:\/\/mobilitatechisinau.md\/#organization"},"potentialAction":[{"@type":"SearchAction","target":{"@type":"EntryPoint","urlTemplate":"https:\/\/mobilitatechisinau.md\/?s={search_term_string}"},"query-input":{"@type":"PropertyValueSpecification","valueRequired":true,"valueName":"search_term_string"}}],"inLanguage":"ro-RO"},{"@type":"Organization","@id":"https:\/\/mobilitatechisinau.md\/#organization","name":"Direc\u0163ia general\u0103 transport public \u015fi c\u0103i de comunica\u0163ie","url":"https:\/\/mobilitatechisinau.md\/","logo":{"@type":"ImageObject","inLanguage":"ro-RO","@id":"https:\/\/mobilitatechisinau.md\/#\/schema\/logo\/image\/","url":"https:\/\/dgtpcc.md\/wp-content\/uploads\/2022\/05\/DGTPCC-Chis\u0326ina\u0306u-new.jpg","contentUrl":"https:\/\/dgtpcc.md\/wp-content\/uploads\/2022\/05\/DGTPCC-Chis\u0326ina\u0306u-new.jpg","width":304,"height":80,"caption":"Direc\u0163ia general\u0103 transport public \u015fi c\u0103i de comunica\u0163ie"},"image":{"@id":"https:\/\/mobilitatechisinau.md\/#\/schema\/logo\/image\/"},"sameAs":["https:\/\/www.facebook.com\/DGTPCC"]}]}},"_links":{"self":[{"href":"https:\/\/mobilitatechisinau.md\/index.php?rest_route=\/wp\/v2\/pages\/6794","targetHints":{"allow":["GET"]}}],"collection":[{"href":"https:\/\/mobilitatechisinau.md\/index.php?rest_route=\/wp\/v2\/pages"}],"about":[{"href":"https:\/\/mobilitatechisinau.md\/index.php?rest_route=\/wp\/v2\/types\/page"}],"author":[{"embeddable":true,"href":"https:\/\/mobilitatechisinau.md\/index.php?rest_route=\/wp\/v2\/users\/1"}],"replies":[{"embeddable":true,"href":"https:\/\/mobilitatechisinau.md\/index.php?rest_route=%2Fwp%2Fv2%2Fcomments&post=6794"}],"version-history":[{"count":0,"href":"https:\/\/mobilitatechisinau.md\/index.php?rest_route=\/wp\/v2\/pages\/6794\/revisions"}],"wp:attachment":[{"href":"https:\/\/mobilitatechisinau.md\/index.php?rest_route=%2Fwp%2Fv2%2Fmedia&parent=6794"}],"curies":[{"name":"wp","href":"https:\/\/api.w.org\/{rel}","templated":true}]}}